{"id":11225,"date":"2017-09-18T14:49:55","date_gmt":"2017-09-18T12:49:55","guid":{"rendered":"http:\/\/www.party-alleinunterhalter.com\/oktoberfest-apres-ski\/"},"modified":"2023-07-19T20:29:00","modified_gmt":"2023-07-19T18:29:00","slug":"oktoberfest-apres-ski","status":"publish","type":"page","link":"https:\/\/www.party-alleinunterhalter.com\/at\/oktoberfest-apres-ski\/","title":{"rendered":"Alleinunterhalter f\u00fcr Oktoberfest und Apr\u00e8s Ski in \u00d6sterreich"},"content":{"rendered":"<div class=\"row \"><div class=\"wpv-grid grid-2-3  wpv-first-level first has-background unextended\" style=\"\n\t\t\t\tbackground: url( 'http:\/\/www.party-alleinunterhalter.com\/wp-content\/uploads\/2019\/05\/alleinunterhalter-oktoberfest-2019.png' ) no-repeat center top;\n\t\t\t\tbackground-size: auto;\n\t\t\tpadding-top:400px;padding-bottom:0px\" id=\"wpv-column-d5601742b30e907eaedd899e3fc6057c\" ><\/div>\n<div class=\"wpv-grid grid-1-3 add-border wpv-first-level unextended\" style=\"padding-top:20px;padding-bottom:15px\" id=\"wpv-column-9312f71739a50b9803feccc454d32384\" ><div class=\"row \"><div class=\"wpv-grid grid-1-1  first unextended animation-fade-in animated-active\" style=\"padding-top:0px;padding-bottom:0px\" id=\"wpv-column-38fd08b976b951dc3ccb05cde0e36774\" ><h4 style=\"padding-left: 20px;\">FAKTEN<\/h4>\n<ul>\n<li>f\u00fcr Oktoberfest, Apr\u00e8s Ski &amp; H\u00fcttengaudi<\/li>\n<li>in Lederhosen und Tracht.<\/li>\n<li>vielseitige Partymusik &amp; Wiesn-Hits<\/li>\n<li>Bundesweit in \u00d6sterreich.<\/li>\n<li>als Alleinunterhalter und DJ.<\/li>\n<li>beste Referenzen.<\/li>\n<\/ul>\n<div class=\"push\" style='height:10px'><\/div>\n<h4 style=\"padding-left: 20px;\">WEITERE INFOS<\/h4>\n<p style=\"padding-left: 20px;\"><a href=\"http:\/\/www.party-alleinunterhalter.com\/at\/hoerproben-videos\/#hoerproben\">H\u00d6RPROBEN \u2192<\/a><br \/>\n<a href=\"http:\/\/www.party-alleinunterhalter.com\/at\/hoerproben-videos\/#videos\">VIDEOS \u2192<\/a><br \/>\n<a href=\"http:\/\/www.party-alleinunterhalter.com\/at\/referenzen\/\">REFERENZEN &amp; EMPFEHLUNGEN \u2192<\/a><br \/>\n<div class=\"push\" style='height:10px'><\/div>\n<h4 style=\"padding-left: 20px;\">KONTAKT &amp; BUCHUNG<\/h4>\n<p style=\"padding-left: 20px;\">Tel: +43 664 358 75 97<br \/>\n<a href=\"mailto:info@kingmusic.at\">info@kingmusic.at<\/a><\/p>\n<p style=\"padding-left: 20px;\"><a href=\"https:\/\/www.facebook.com\/musikersandrohoffmann\" target=\"_blank\" rel=\"noopener noreferrer\"> <span class='icon shortcode   use-hover' style='font-size:20px !important;color:#DC0028;'>&#58155;<\/span><\/a> <a href=\"https:\/\/plus.google.com\/b\/105921548158441380766\/105921548158441380766?hl=de\" target=\"_blank\" rel=\"noopener noreferrer\"><span class='icon shortcode   use-hover' style='font-size:20px !important;color:#DC0028;'>&#58150;<\/span><\/a> <a href=\"http:\/\/www.youtube.com\/channel\/UC_eMH_E4dowZtLxEaBkVVtQ\" target=\"_blank\" rel=\"noopener noreferrer\"><span class='icon shortcode   use-hover' style='font-size:20px !important;color:#DC0028;'>&#58165;<\/span><\/a><br \/>\n<div class=\"push\" style='height:10px'><\/div>\n<a href=\"#expressanfrage\" target=\"_self\" style='font-size: 18px;' class=\"button vamtam-button accent1  button-filled-small hover-accent2 \"><span class=\"btext\">UNVERBINDLICHE &amp; KOSTENLOSE ANFRAGE<\/span><\/a><\/div><\/div><\/div><\/div>\n<div class=\"push\" style='height:50px'><\/div>\n<div class=\"row \"><div class=\"wpv-grid grid-1-1  wpv-first-level first unextended\" style=\"padding-top:0px;padding-bottom:0px\" id=\"wpv-column-e576aecd8c8af6611b44a8e06ef9fe5b\" ><div class=\"push\" style='height:20px'><\/div>\n<h2>ALLEINUNTERHALTER UND STIMMUNGSMACHER F\u00dcR DEIN OKTOBERFEST<\/h2>\n<span class='icon shortcode custom  use-hover' style='font-size:100px !important;color:#DC0028;'>&#59649;<\/span> Das ultimative Volksfest Nr.1 Oktoberfest ist eines der gr\u00f6\u00dften Volksfeste der Welt und \u00fcberdies wird es mittlerweile von Amerika \u00fcber Asien bis Australien veranstaltet. Aber nicht nur im gro\u00dfen Stil wird gefeiert, unterdessen gibt es jede menge auch Private kleinere Oktoberfeste die als Mottparty das Thema w\u00e4hlen. Ob Geburtstagsfest, Err\u00f6ffnung, Firmenfeier, oder andere Anl\u00e4sse der Stimmungsmacher spielt Oktoberfeste im gro\u00dfen sowie in kleinem Rahmen. <\/p>\n<div class=\"push\" style='height:20px'><\/div><\/div><\/div>\n<div class=\"row \"><div class=\"wpv-grid grid-1-3  wpv-first-level first unextended\" style=\"padding-top:0px;padding-bottom:0px\" id=\"wpv-column-9f79fd35a01baacefb71aa1ef850c3ae\" ><div class=\"push\" style='height:20px'><\/div>\n<div class=\"wpv-video-frame\"><iframe loading=\"lazy\" title=\"Alleinunterhalter Sandro Hoffmann - Oktoberfest und  Apr\u00e8s-Ski\" width=\"1260\" height=\"709\" src=\"https:\/\/www.youtube.com\/embed\/videoseries?list=PLLgU3uclczlPWnKtPhQAVZNnjFRhLSVmH\" frameborder=\"0\" allow=\"accelerometer; autoplay; clipboard-write; encrypted-media; gyroscope; picture-in-picture; web-share\" allowfullscreen><\/iframe><\/div>\n<div class=\"push\" style='height:20px'><\/div><\/div>\n<div class=\"wpv-grid grid-2-3  wpv-first-level unextended\" style=\"padding-top:0px;padding-bottom:0px\" id=\"wpv-column-779dcae5a50b6de0d8ad3cadad1d2e8f\" ><div class=\"push\" style='height:20px'><\/div>\n<p>Nat\u00fcrlich trifft der Party Alleinunterhalter auch hier den richtigen Ton an und begeistert ihre G\u00e4ste. Mit bekannten volkst\u00fcmlichen Melodien, Wiesn-Hits sowie Moderation wird jedes Festzelt, Saal oder H\u00fctte ein unvergessliches Oktoberfest. Der Alleinunterhalter Sandro ist ein absoluter Spezialist f\u00fcr alle Veranstaltungen sowie Events die in diese Richtung gehen. Schliesslich ist er jedes Jahr auf der neusten ausgaben der Apr\u00e8s Ski HITs \u2013 CDs mit einem Titel vertreten und immer dabei! Nat\u00fcrlich spielt der Partymusiker nicht nur Eigen-Kompositionen. Des weiteren spielt Er auch alle anderen bekannten Oktoberfest, Apres Ski, Wiesn-HITs und ebenfalls fehlt auch das \u201eEin Prosit der Gem\u00fctlichkeit\u201c nicht!.Buchen Sie Alleinunterhalter Sandro f\u00fcr ihr n\u00e4chstes Oktoberfest und erleben Sie eine der besten Partys in ihrem Leben.<\/p>\n<div class=\"push\" style='height:20px'><\/div><\/div><\/div>\n<div class=\"row \"><div class=\"wpv-grid grid-1-3  wpv-first-level first unextended\" style=\"padding-top:0px;padding-bottom:0px\" id=\"wpv-column-62a37e11f0fa818f86cbdd07fa54242e\" ><p><img loading=\"lazy\" decoding=\"async\" class=\"alignnone wp-image-12976 size-medium\" src=\"http:\/\/www.party-alleinunterhalter.com\/wp-content\/uploads\/2019\/09\/alleinunterhalter-f\u00fcr-oktoberfest-300x200.jpg\" alt=\"\" width=\"300\" height=\"200\" srcset=\"https:\/\/www.party-alleinunterhalter.com\/wp-content\/uploads\/2019\/09\/alleinunterhalter-f\u00fcr-oktoberfest-300x200.jpg 300w, https:\/\/www.party-alleinunterhalter.com\/wp-content\/uploads\/2019\/09\/alleinunterhalter-f\u00fcr-oktoberfest-768x512.jpg 768w, https:\/\/www.party-alleinunterhalter.com\/wp-content\/uploads\/2019\/09\/alleinunterhalter-f\u00fcr-oktoberfest-1024x683.jpg 1024w, https:\/\/www.party-alleinunterhalter.com\/wp-content\/uploads\/2019\/09\/alleinunterhalter-f\u00fcr-oktoberfest-1140x760.jpg 1140w, https:\/\/www.party-alleinunterhalter.com\/wp-content\/uploads\/2019\/09\/alleinunterhalter-f\u00fcr-oktoberfest-555x370.jpg 555w, https:\/\/www.party-alleinunterhalter.com\/wp-content\/uploads\/2019\/09\/alleinunterhalter-f\u00fcr-oktoberfest-360x240.jpg 360w, https:\/\/www.party-alleinunterhalter.com\/wp-content\/uploads\/2019\/09\/alleinunterhalter-f\u00fcr-oktoberfest-262x175.jpg 262w\" sizes=\"auto, (max-width: 300px) 100vw, 300px\" \/><\/div>\n<div class=\"wpv-grid grid-1-3  wpv-first-level unextended\" style=\"padding-top:0px;padding-bottom:0px\" id=\"wpv-column-48ddd45752dfc8af780325799a154149\" ><p><img loading=\"lazy\" decoding=\"async\" class=\"alignnone wp-image-12996 size-medium\" src=\"http:\/\/www.party-alleinunterhalter.com\/wp-content\/uploads\/2019\/09\/alleinunterhalter-sandro-hoffmann-2-300x200.jpg\" alt=\"\" width=\"300\" height=\"200\" srcset=\"https:\/\/www.party-alleinunterhalter.com\/wp-content\/uploads\/2019\/09\/alleinunterhalter-sandro-hoffmann-2.jpg 300w, https:\/\/www.party-alleinunterhalter.com\/wp-content\/uploads\/2019\/09\/alleinunterhalter-sandro-hoffmann-2-262x175.jpg 262w\" sizes=\"auto, (max-width: 300px) 100vw, 300px\" \/><\/div>\n<div class=\"wpv-grid grid-1-3  wpv-first-level unextended\" style=\"padding-top:0px;padding-bottom:0px\" id=\"wpv-column-5cb69b252311506c24e47c7d89de18f6\" ><p><img loading=\"lazy\" decoding=\"async\" class=\"alignnone wp-image-13009 size-medium\" src=\"http:\/\/www.party-alleinunterhalter.com\/wp-content\/uploads\/2019\/09\/entertainer-for-oktoberfest-1-300x200.jpg\" alt=\"\" width=\"300\" height=\"200\" srcset=\"https:\/\/www.party-alleinunterhalter.com\/wp-content\/uploads\/2019\/09\/entertainer-for-oktoberfest-1.jpg 300w, https:\/\/www.party-alleinunterhalter.com\/wp-content\/uploads\/2019\/09\/entertainer-for-oktoberfest-1-262x175.jpg 262w\" sizes=\"auto, (max-width: 300px) 100vw, 300px\" \/><\/div><\/div>\n<div class=\"row \"><div class=\"wpv-grid grid-1-1  wpv-first-level first has-background unextended animation-from-bottom animated-active\" style=\"background-color:#dadada;padding-top:15px;padding-bottom:60px\" id=\"expressanfrage\" ><style>#expressanfrage p,#expressanfrage em,#expressanfrage .column-title,#expressanfrage .sep-text h2.regular-title-wrapper,#expressanfrage .text-divider-double,#expressanfrage .sep-text .sep-text-line,#expressanfrage .sep,#expressanfrage .sep-2,#expressanfrage .sep-3,#expressanfrage td,#expressanfrage th,#expressanfrage caption{color:#5b5b5b;}#expressanfrage:before{background-color:transparent;}<\/style>\t\t<div class=\"sep-text single centered\">\n\t\t\t\t\t\t\t<span class=\"sep-text-before\"><div class=\"sep-text-line\"><\/div><\/span>\n\t\t\t\t\t\t<div class=\"content\">\n\t\t\t\t<h2 class=\"text-divider-double\">UNVERBINDLICHE EXPRESS ANFRAGE<\/h2>\t\t\t<\/div>\n\t\t\t<span class=\"sep-text-after\"><div class=\"sep-text-line\"><\/div><\/span>\n\t\t\t\t\t<\/div>\n\t<div class=\"push\" style='height:10px'><\/div>\n<div class=\"row \"><div class=\"wpv-grid grid-1-1  first unextended\" style=\"padding-top:0px;padding-bottom:0px\" id=\"wpv-column-a1b2438109bf34dbc609dd383ac1d77e\" ><p>\n<div class=\"wpcf7 no-js\" id=\"wpcf7-f9392-o1\" lang=\"en-US\" dir=\"ltr\" data-wpcf7-id=\"9392\">\n<div class=\"screen-reader-response\"><p role=\"status\" aria-live=\"polite\" aria-atomic=\"true\"><\/p> <ul><\/ul><\/div>\n<form action=\"\/at\/wp-json\/wp\/v2\/pages\/11225#wpcf7-f9392-o1\" method=\"post\" class=\"wpcf7-form init\" aria-label=\"Contact form\" novalidate=\"novalidate\" data-status=\"init\">\n<fieldset class=\"hidden-fields-container\"><input type=\"hidden\" name=\"_wpcf7\" value=\"9392\" \/><input type=\"hidden\" name=\"_wpcf7_version\" value=\"6.1.5\" \/><input type=\"hidden\" name=\"_wpcf7_locale\" value=\"en_US\" \/><input type=\"hidden\" name=\"_wpcf7_unit_tag\" value=\"wpcf7-f9392-o1\" \/><input type=\"hidden\" name=\"_wpcf7_container_post\" value=\"0\" \/><input type=\"hidden\" name=\"_wpcf7_posted_data_hash\" value=\"\" \/><input type=\"hidden\" name=\"_wpcf7_recaptcha_response\" value=\"\" \/>\n<\/fieldset>\n<div class=\"vamtam-rsvp-form\">\n\t<div class=\"row\">\n\t\t<div class=\"grid-1-5\">\n\t\t\t<p><span class=\"wpcf7-form-control-wrap\" data-name=\"veranstalter-name\"><input size=\"40\" maxlength=\"400\" class=\"wpcf7-form-control wpcf7-text wpcf7-validates-as-required\" id=\"veranstalter-name\" aria-required=\"true\" aria-invalid=\"false\" placeholder=\"*Veranstalter \/ Name\" value=\"\" type=\"text\" name=\"veranstalter-name\" \/><\/span>\n\t\t\t<\/p>\n\t\t<\/div>\n\t\t<div class=\"grid-1-5\">\n\t\t\t<p><span class=\"wpcf7-form-control-wrap\" data-name=\"veranstalter-adresse\"><input size=\"40\" maxlength=\"400\" class=\"wpcf7-form-control wpcf7-text\" id=\"veranstalter-adresse\" aria-invalid=\"false\" placeholder=\"Strasse\" value=\"\" type=\"text\" name=\"veranstalter-adresse\" \/><\/span>\n\t\t\t<\/p>\n\t\t<\/div>\n\t\t<div class=\"grid-1-5\">\n\t\t\t<p><span class=\"wpcf7-form-control-wrap\" data-name=\"veranstalter-ort\"><input size=\"40\" maxlength=\"400\" class=\"wpcf7-form-control wpcf7-text\" id=\"veranstalter-ort\" aria-invalid=\"false\" placeholder=\"Ort \/ Land\" value=\"\" type=\"text\" name=\"veranstalter-ort\" \/><\/span>\n\t\t\t<\/p>\n\t\t<\/div>\n\t\t<div class=\"grid-1-5\">\n\t\t\t<p><span class=\"wpcf7-form-control-wrap\" data-name=\"Phone\"><input size=\"40\" maxlength=\"400\" class=\"wpcf7-form-control wpcf7-text\" id=\"Phone\" aria-invalid=\"false\" placeholder=\"Telefon\" value=\"\" type=\"text\" name=\"Phone\" \/><\/span>\n\t\t\t<\/p>\n\t\t<\/div>\n\t\t<div class=\"grid-1-5\">\n\t\t\t<p><span class=\"wpcf7-form-control-wrap\" data-name=\"email-313\"><input size=\"40\" maxlength=\"400\" class=\"wpcf7-form-control wpcf7-email wpcf7-validates-as-required wpcf7-text wpcf7-validates-as-email\" id=\"your-email\" aria-required=\"true\" aria-invalid=\"false\" placeholder=\"*Email\" value=\"\" type=\"email\" name=\"email-313\" \/><\/span>\n\t\t\t<\/p>\n\t\t<\/div>\n\t\t<div class=\"grid-1-5\">\n\t\t\t<p><span class=\"wpcf7-form-control-wrap\" data-name=\"art\"><input size=\"40\" maxlength=\"400\" class=\"wpcf7-form-control wpcf7-text\" id=\"art\" aria-invalid=\"false\" placeholder=\"Art z.bsp.Hochzeit, Geburtstag, etc.\" value=\"\" type=\"text\" name=\"art\" \/><\/span>\n\t\t\t<\/p>\n\t\t<\/div>\n\t\t<div class=\"grid-1-5\">\n\t\t\t<p><span class=\"wpcf7-form-control-wrap\" data-name=\"gaesteanzahl\"><input size=\"40\" maxlength=\"400\" class=\"wpcf7-form-control wpcf7-text\" id=\"gaesteanzahl\" aria-invalid=\"false\" placeholder=\"ca. G\u00e4steanzahl\" value=\"\" type=\"text\" name=\"gaesteanzahl\" \/><\/span>\n\t\t\t<\/p>\n\t\t<\/div>\n\t\t<div class=\"grid-1-5\">\n\t\t\t<p><span class=\"wpcf7-form-control-wrap\" data-name=\"datum\"><input size=\"40\" maxlength=\"400\" class=\"wpcf7-form-control wpcf7-text\" id=\"datum\" aria-invalid=\"false\" placeholder=\"Datum der Veranstaltung\" value=\"\" type=\"text\" name=\"datum\" \/><\/span>\n\t\t\t<\/p>\n\t\t<\/div>\n\t\t<div class=\"grid-1-5\">\n\t\t\t<p><span class=\"wpcf7-form-control-wrap\" data-name=\"auftrittszeit\"><input size=\"40\" maxlength=\"400\" class=\"wpcf7-form-control wpcf7-text\" id=\"auftrittszeit\" aria-invalid=\"false\" placeholder=\"Spielzeit \/ Auftrittszeit\" value=\"\" type=\"text\" name=\"auftrittszeit\" \/><\/span>\n\t\t\t<\/p>\n\t\t<\/div>\n\t\t<div class=\"grid-1-5\">\n\t\t\t<p><span class=\"wpcf7-form-control-wrap\" data-name=\"lokal\"><input size=\"40\" maxlength=\"400\" class=\"wpcf7-form-control wpcf7-text\" id=\"lokal\" aria-invalid=\"false\" placeholder=\"Lokalit\u00e4t \/ Ort\" value=\"\" type=\"text\" name=\"lokal\" \/><\/span>\n\t\t\t<\/p>\n\t\t<\/div>\n\t\t<div class=\"grid-1-1\">\n\t\t\t<p><span class=\"wpcf7-form-control-wrap\" data-name=\"our-message\"><textarea cols=\"40\" rows=\"5\" maxlength=\"2000\" class=\"wpcf7-form-control wpcf7-textarea\" id=\"message\" aria-invalid=\"false\" placeholder=\"Ihre Nachricht...\" name=\"our-message\"><\/textarea><\/span>\n\t\t\t<\/p>\n\t\t<\/div>\n\t\t<p><span id=\"wpcf7-69f48232c5115-wrapper\" class=\"wpcf7-form-control-wrap Website-wrap\" style=\"display:none !important; visibility:hidden !important;\"><label for=\"wpcf7-69f48232c5115-field\" class=\"hp-message\">Please leave this field empty.<\/label><input id=\"wpcf7-69f48232c5115-field\"  class=\"wpcf7-form-control wpcf7-text\" type=\"text\" name=\"Website\" value=\"\" size=\"40\" tabindex=\"-1\" autocomplete=\"new-password\" \/><\/span>\n\t\t<\/p>\n\t<\/div>\n\t<div style= \"text-align: center;\">\n\t\t<p><input class=\"wpcf7-form-control wpcf7-submit has-spinner\" type=\"submit\" value=\"ANFRAGE SENDEN \u2192\" \/>\n\t\t<\/p>\n\t<\/div>\n<\/div><div class=\"wpcf7-response-output\" aria-hidden=\"true\"><\/div>\n<\/form>\n<\/div>\n<\/div><\/div><\/div><\/div>\n<div class=\"row \"><div class=\"wpv-grid grid-1-1  wpv-first-level first unextended\" style=\"padding-top:0px;padding-bottom:0px\" id=\"wpv-column-9bfec961a369c4518f9a595dfdd71d1c\" ><div class=\"push\" style='height:20px'><\/div>\n<h3>LIVE MUSIK F\u00dcR APR\u00c8S-SKI UND APR\u00c8S SKI PARTYS<\/h3>\n<p>Apr\u00e8s-Ski heisst das Zauberwort wenn du nach einem langen Skitag in den Bergen den entsprechenden Ausklang des Tages suchst. Aber nicht nur Musik f\u00fcr Apr\u00e8s Ski Gastronomie Lokale sondern auch f\u00fcr vereinzelte \u00f6ffentliche oder private Apr\u00e8s Ski Partys bietet Alleinunterhalter Sandro eine komplette musikalische Unterhaltung. Die bekanntesten Apr\u00e8s Ski Hochburgen sind definitiv in Vorarlberg: Lech, Z\u00fcrs, Kl\u00f6sterle,Warth, in Montafon: Schruns, Gaschurn, St.Gallenkirch, Golm, in Tirol: St.Cristoph, Ischgl, St.Anton, S\u00f6lden, Mayrhofen, in Salzuburg: Salbach-Hinterglemm, Gerlos, Zell am See aber auch in den St\u00e4dten Salzburg, Wien, Innsbruck, Villach, Graz oder Klagenfurt konnte der Party Alleinunterhalter aus Vorarlberg bei Apres Ski Partys \u00fcberzeugen. Buchen Sie Alleinunterhalter Sandro Hoffmann f\u00fcr ihre n\u00e4chste Apres Ski Party.<\/p>\n<div class=\"push\" style='height:20px'><\/div>\n<a target=\"_self\" style='font-size: 24px;' class=\"button vamtam-button accent1  button-border hover-accent2 \"><span class='icon shortcode   use-hover' style='font-size:32px !important;'>&#57612;<\/span><span class=\"btext\">WEITERE EXTRAS<\/span><\/a>\n<div class=\"push\" style='height:20px'><\/div>\n<h3>ALLEINUNTERHALTER, DJ ODER BEIDES<\/h3>\n<p>Sandro kann man in Kombination als Alleinunterhalter und oder DJ buchen. Als ihr Stimmungsmacher f\u00fcr den Abend besteht die Musik dann aus zwei Teilen, bei der SANDRO den ersten Teil des Abends als Alleinunterhalter mit LIVE Musik gestaltet und danach als DJ f\u00fcr gute Stimmung bis sp\u00e4t in die Nacht sorgt. Die Riesenauswahl der musikalischen Party Kracher und besonders wenn es um Partymusik geht ist das unendlich scheinende Repertoire nat\u00fcrlich unschlagbar.<\/p>\n<div class=\"push\" style='height:20px'><\/div>\n<a target=\"_self\" style='font-size: 24px;' class=\"button vamtam-button accent1  button-border hover-accent2 \"><span class='icon shortcode   use-hover' style='font-size:32px !important;'>&#57651;<\/span><span class=\"btext\">PLATZBEDARF, STROM, ETC.<\/span><\/a>\n<div class=\"push\" style='height:20px'><\/div>\n<h3>PLATZBEDARF F\u00dcR DEN AUFTRITT DER EIN-MANN-BAND<\/h3>\n<p>Alleinunterhalter Sandro Hoffmann braucht eine Fl\u00e4che von ca. 2m X 2m. Falls die Location in kleinen Gasth\u00e4usern oder Restaurants ist muss eine B\u00fchne oder Podium nicht unbedingt vorhanden sein. Ein normaler Stromanschluss mit 220V sollte vorhanden sein, und dann steht nichts mehr im Weg f\u00fcr den Auftritt des Musikers.<\/p>\n<div class=\"push\" style='height:20px'><\/div>\n<a href=\"#expressanfrage\" target=\"_self\" style='font-size: 24px;' class=\"button vamtam-button accent1  button-filled-small hover-accent2 \"><span class='icon shortcode theme  use-hover' style='font-size:32px !important;'>&#57473;<\/span><span class=\"btext\">UNVERBINDLICHE &amp; KOSTENLOSE ANFRAGE \u2192<\/span><\/a>\n<div class=\"push\" style='height:20px'><\/div>\n<h3>BUCHUNGSABLAUF, WEITERE INFOS, FRAGEN UND KONTAKT<\/h3>\n<p>In unserem B\u00fcro erreichen Sie Alleinunterhalter Sandro Hoffmann t\u00e4glich ab 09.00 Uhr unter der <strong>Telefon-Nr. +43 664 358 75 97<\/strong>, oder am besten f\u00fcllen Sie einfach das untenschtehende <strong>Formular<\/strong> aus, und in k\u00fcrze bekommen Sie ein Angebot oder Antworten auf ihre Fragen.<\/p>\n<p>Weitere Informationen zum Buchungsablauf finden Sie hier:<br \/>\n<div class=\"push\" style='height:10px'><\/div>\n<a href=\"http:\/\/www.party-alleinunterhalter.com\/at\/kontakt\/#buchungsablauf\" target=\"_self\" style='font-size: 24px;' class=\"button vamtam-button accent1  button-border hover-accent2 \"><span class='icon shortcode theme  use-hover' style='font-size:32px !important;'>&#58883;<\/span><span class=\"btext\">BUCHUNGSABLAUF \u2192<\/span><\/a>\n<div class=\"push\" style='height:20px'><\/div>\n<a href=\"http:\/\/www.party-alleinunterhalter.com\/at\/hoerproben-videos\/#hoerproben\" target=\"_self\" style='font-size: 24px;' class=\"button vamtam-button accent1  button-filled-small hover-accent2 \"><span class='icon shortcode   use-hover' style='font-size:32px !important;'>&#58166;<\/span><span class=\"btext\">H\u00d6RPROBEN &amp; LIVE VIDEOS \u2192<\/span><\/a><\/div><\/div>\n<div class=\"row \"><div class=\"wpv-grid grid-1-1  wpv-first-level first unextended\" style=\"padding-top:0px;padding-bottom:0px\" id=\"wpv-column-e61adcfdc25f50bdfbff6dbb53c9670f\" >\t\t<div class=\"sep-text single centered\">\n\t\t\t\t\t\t\t<span class=\"sep-text-before\"><div class=\"sep-text-line\"><\/div><\/span>\n\t\t\t\t\t\t<div class=\"content\">\n\t\t\t\t<h2 class=\"text-divider-double\">DAS SAGEN VERANSTALTER<\/h2>\t\t\t<\/div>\n\t\t\t<span class=\"sep-text-after\"><div class=\"sep-text-line\"><\/div><\/span>\n\t\t\t\t\t<\/div>\n\t<div class=\"vamtam-cubeportfolio cbp cbp-slider-edge vamtam-testimonials-slider\" data-options=\"{&quot;layoutMode&quot;:&quot;slider&quot;,&quot;drag&quot;:true,&quot;auto&quot;:true,&quot;autoTimeout&quot;:5000,&quot;autoPauseOnHover&quot;:true,&quot;showNavigation&quot;:false,&quot;showPagination&quot;:true,&quot;rewindNav&quot;:true,&quot;scrollByPage&quot;:false,&quot;gridAdjustment&quot;:&quot;responsive&quot;,&quot;mediaQueries&quot;:[{&quot;width&quot;:1,&quot;cols&quot;:1}],&quot;gapHorizontal&quot;:0,&quot;gapVertical&quot;:0,&quot;caption&quot;:&quot;&quot;,&quot;displayType&quot;:&quot;default&quot;}\"><div class=\"cbp-item\"><blockquote class='clearfix small simple'><div class='quote-text'><div class=\"quote-content\"><div class=\"vamtam-font-style-1 with-color\">Hochzeitsfeier Albrecht &amp; Judith, Ettingen (CH)<\/div>\r\n<span class='icon shortcode   use-hover' style='font-size:20px !important;color:#DC0028;'>&#57864;<\/span>\u00a0<span class='icon shortcode   use-hover' style='font-size:20px !important;color:#DC0028;'>&#57864;<\/span>\u00a0<span class='icon shortcode   use-hover' style='font-size:20px !important;color:#DC0028;'>&#57864;<\/span>\u00a0<span class='icon shortcode   use-hover' style='font-size:20px !important;color:#DC0028;'>&#57864;<\/span>\u00a0<span class='icon shortcode   use-hover' style='font-size:20px !important;color:#DC0028;'>&#57864;<\/span>\r\n\r\nWir m\u00f6chten uns nochmals ganz herzlich bei Dir bedanken f\u00fcr Deine musikalische Darbietung w\u00e4hrend unserem Hochzeitsfest.Du bist grossartig. Du machst das absolut super und Dein Repertoire l\u00e4sst keine W\u00fcnsche offen.Wir werden Dich auf jeden Fall weiterempfehlen. Herzlichen Dank und alles Gute.<div class=\"only-title\"><strong class='quote-title'><span class='the-title'>Albrecht &#038; Judith<\/span><\/strong><\/div><\/div><\/div><\/blockquote>\n<\/div><div class=\"cbp-item\"><blockquote class='clearfix small simple'><div class='quote-text'><div class=\"quote-content\"><div class=\"vamtam-font-style-1 with-color\">Geburtstagsfeier Gisela &amp; Roger, Winkel (CH)<\/div>\r\n<span class='icon shortcode   use-hover' style='font-size:20px !important;color:#DC0028;'>&#57864;<\/span> <span class='icon shortcode   use-hover' style='font-size:20px !important;color:#DC0028;'>&#57864;<\/span> <span class='icon shortcode   use-hover' style='font-size:20px !important;color:#DC0028;'>&#57864;<\/span> <span class='icon shortcode   use-hover' style='font-size:20px !important;color:#DC0028;'>&#57864;<\/span> <span class='icon shortcode   use-hover' style='font-size:20px !important;color:#DC0028;'>&#57864;<\/span>\r\n\r\nLieber Sandro, Wir m\u00f6chten es nicht vers\u00e4umen, dir ganz herzlich f\u00fcr die tolle Live-Musik zu danken. Du hast entscheidend zu einem gelungenen Geburtstagsfest zum 50. von Roger beigetragen. Von deinem riesigen Repertoire waren wir angenehm \u00fcberrascht. Auch hast immer gewusst, was zu welchem Zeitpunkt und in welcher Lautst\u00e4rke passend ist. Hat einfach alles gepasst. Kurz wir waren sehr begeistert. Auch die R\u00fcckmeldungen von unseren G\u00e4sten war durchwegs sehr positiv. Gerne werden wir dich weiter empfehlen und nat\u00fcrlich gegebenenfalls auch selber wieder buchen. Nochmals ganz herzlichen Dank und Liebe Gr\u00fcsse.<div class=\"only-title\"><strong class='quote-title'><span class='the-title'>Gisela &#038; Roger<\/span><\/strong><\/div><\/div><\/div><\/blockquote>\n<\/div><div class=\"cbp-item\"><blockquote class='clearfix small simple'><div class='quote-text'><div class=\"quote-content\"><div class=\"vamtam-font-style-1 with-color\">Geburtstagsfeier Susy &amp; Silvia, Wilen (CH)<\/div>\r\n<span class='icon shortcode   use-hover' style='font-size:20px !important;color:#DC0028;'>&#57864;<\/span> <span class='icon shortcode   use-hover' style='font-size:20px !important;color:#DC0028;'>&#57864;<\/span> <span class='icon shortcode   use-hover' style='font-size:20px !important;color:#DC0028;'>&#57864;<\/span> <span class='icon shortcode   use-hover' style='font-size:20px !important;color:#DC0028;'>&#57864;<\/span> <span class='icon shortcode   use-hover' style='font-size:20px !important;color:#DC0028;'>&#57864;<\/span>\r\n\r\nLieber Sandro, F\u00fcr den unvergesslich sch\u00f6nen Geburtstagsabend in der Besebeiz Wilen vom 19. August 2017 bedanken wir und ganz herzlich bei Dir. Du bist einfach super !!!! Es war ein wundersch\u00f6nes Geburtstagsfest mit einer mega Stimmung! Herzlichen Dank ! Mach weiter so. Wir freuen uns, Dich und Deine Musik wieder einmal zu h\u00f6ren. Es gr\u00fcssen Dich herzlich Susy und Silvia, PS: Das gesamte G\u00e4ste-Echo war einfach nur positiv!<div class=\"only-title\"><strong class='quote-title'><span class='the-title'>Susy &#038; Silvia<\/span><\/strong><\/div><\/div><\/div><\/blockquote>\n<\/div><div class=\"cbp-item\"><blockquote class='clearfix small simple'><div class='quote-text'><div class=\"quote-content\"><div class=\"vamtam-font-style-1 with-color\">Geburtstagsfeier Karin, Fraubrunnen (CH)<\/div>\r\n<span class='icon shortcode   use-hover' style='font-size:20px !important;color:#DC0028;'>&#57864;<\/span>\u00a0<span class='icon shortcode   use-hover' style='font-size:20px !important;color:#DC0028;'>&#57864;<\/span>\u00a0<span class='icon shortcode   use-hover' style='font-size:20px !important;color:#DC0028;'>&#57864;<\/span>\u00a0<span class='icon shortcode   use-hover' style='font-size:20px !important;color:#DC0028;'>&#57864;<\/span>\u00a0<span class='icon shortcode   use-hover' style='font-size:20px !important;color:#DC0028;'>&#57864;<\/span>\r\n\r\nHallo Sandro, Vielen herzlichen Dank f\u00fcr Deinen Beitrag zu meinem Geburtstagsfest. Ich habs in vollen Z\u00fcgen genossen und bin dankbar f\u00fcr Deine Unterhaltung!\r\nF\u00fcr mich hats perfekt gepasst und ich kann Dich w\u00e4rmstens weiterempfehlen.\r\n\r\nLiebe Gr\u00fcsse\r\nKarin<div class=\"only-title\"><strong class='quote-title'><span class='the-title'>Karin<\/span><\/strong><\/div><\/div><\/div><\/blockquote>\n<\/div><div class=\"cbp-item\"><blockquote class='clearfix small simple'><div class='quote-text'><div class=\"quote-content\"><div class=\"vamtam-font-style-1 with-color\">Hochzeit von Katja Steiner, Burgdorf (CH)<\/div>\r\n<span class='icon shortcode   use-hover' style='font-size:20px !important;color:#DC0028;'>&#57864;<\/span>\u00a0<span class='icon shortcode   use-hover' style='font-size:20px !important;color:#DC0028;'>&#57864;<\/span>\u00a0<span class='icon shortcode   use-hover' style='font-size:20px !important;color:#DC0028;'>&#57864;<\/span>\u00a0<span class='icon shortcode   use-hover' style='font-size:20px !important;color:#DC0028;'>&#57864;<\/span>\u00a0<span class='icon shortcode   use-hover' style='font-size:20px !important;color:#DC0028;'>&#57864;<\/span>\r\n\r\nMit Alleinunterhalter Sandro hatten wir echt Gl\u00fcck! Das wir nach absage unseren erst gebuchten Musiker f\u00fcr unsere Hochzeit so eine tolle kurzfristig buchen konnten, hatten wir nicht gerechnet. Sandro ist ein absoluter Profi und Spitze.Er hat ordentlich Dampf gemacht schliesslich tanzten unsere G\u00e4ste bis morgen fr\u00fch. Weiterhin so und viel Erfolg. Kati aus Burgdorf.<div class=\"only-title\"><strong class='quote-title'><span class='the-title'>Katja Steiner<\/span><\/strong><\/div><\/div><\/div><\/blockquote>\n<\/div><div class=\"cbp-item\"><blockquote class='clearfix small simple'><div class='quote-text'><div class=\"quote-content\"><div class=\"vamtam-font-style-1 with-color\">Hochzeit Buser Esther und B\u00fcsu, Erlinsbach (CH)<\/div>\r\n<span class='icon shortcode   use-hover' style='font-size:20px !important;color:#DC0028;'>&#57864;<\/span>\u00a0<span class='icon shortcode   use-hover' style='font-size:20px !important;color:#DC0028;'>&#57864;<\/span>\u00a0<span class='icon shortcode   use-hover' style='font-size:20px !important;color:#DC0028;'>&#57864;<\/span>\u00a0<span class='icon shortcode   use-hover' style='font-size:20px !important;color:#DC0028;'>&#57864;<\/span>\u00a0<span class='icon shortcode   use-hover' style='font-size:20px !important;color:#DC0028;'>&#57864;<\/span>\r\n\r\n<div class=\"push\" style='height:10px'><\/div>\r\nSandro Hoffmann hat unsere Hochzeitsfeier mit seiner super tollen Musik zu einem unvergesslichen Tag gemacht. Von 19.00 Uhr bis um 2.00 Uhr ohne je ein Musikst\u00fcck zwei Mal zu spielen ist schon eine Meisterleistung 1. Klasse! Er war eine Bereicherung f\u00fcr unsere Feier. Dementsprechend m\u00f6chten wir uns nochmals herzlich danken! Mit allerbesten gr\u00fcssen Esther und B\u00fcsu!.<div class=\"only-title\"><strong class='quote-title'><span class='the-title'>Buser Esther<\/span><\/strong><\/div><\/div><\/div><\/blockquote>\n<\/div><div class=\"cbp-item\"><blockquote class='clearfix small simple'><div class='quote-text'><div class=\"quote-content\"><div class=\"vamtam-font-style-1 with-color\">Weihnachtsfeier Patrizia Egloff, Bauma (CH)<\/div>\r\n<span class='icon shortcode   use-hover' style='font-size:20px !important;color:#DC0028;'>&#57864;<\/span>\u00a0<span class='icon shortcode   use-hover' style='font-size:20px !important;color:#DC0028;'>&#57864;<\/span>\u00a0<span class='icon shortcode   use-hover' style='font-size:20px !important;color:#DC0028;'>&#57864;<\/span>\u00a0<span class='icon shortcode   use-hover' style='font-size:20px !important;color:#DC0028;'>&#57864;<\/span>\u00a0<span class='icon shortcode   use-hover' style='font-size:20px !important;color:#DC0028;'>&#57864;<\/span>\r\n\r\nLieber Sandro Ein ganz grosses, herzliches Dankesch\u00f6n f\u00fcr den tollen Abend, den Du mit Deiner tollen Musik uns beschert hast. Dank Deiner musikalischen Unterhaltung hatten wir eine tolle Stimmung den ganzen Abend. Es war eine grosse Bereicherung Dich dabei zu haben. Gerne wieder einmal \u2026<div class=\"only-title\"><strong class='quote-title'><span class='the-title'>Patrizia Egloff<\/span><\/strong><\/div><\/div><\/div><\/blockquote>\n<\/div><div class=\"cbp-item\"><blockquote class='clearfix small simple'><div class='quote-text'><div class=\"quote-content\"><div class=\"vamtam-font-style-1 with-color\">Geburtstagsfeier Elisabeth &amp; Albert, Baldingen (CH)<\/div>\r\n<span class='icon shortcode   use-hover' style='font-size:20px !important;color:#DC0028;'>&#57864;<\/span>\u00a0<span class='icon shortcode   use-hover' style='font-size:20px !important;color:#DC0028;'>&#57864;<\/span>\u00a0<span class='icon shortcode   use-hover' style='font-size:20px !important;color:#DC0028;'>&#57864;<\/span>\u00a0<span class='icon shortcode   use-hover' style='font-size:20px !important;color:#DC0028;'>&#57864;<\/span>\u00a0<span class='icon shortcode   use-hover' style='font-size:20px !important;color:#DC0028;'>&#57864;<\/span>\r\n\r\nLieber Sandro, Wir m\u00f6chten uns ganz herzlich bei Dir f\u00fcr den tollen Einsatz an unserem 30. Hochzeitstag bedanken. Alle G\u00e4ste waren total begeistert von Dir. Mit Deiner tollen Stimme und Musik konntest du uns alle mitreissen! Nat\u00fcrlich hat uns auch deine sehr, sehr sympathische Art gefallen! Wir werden Dich ganz bestimmt wieder buchen. Liebe Gr\u00fcsse Elisabeth und Albert<div class=\"only-title\"><strong class='quote-title'><span class='the-title'>Elisabeth &#038; Albert<\/span><\/strong><\/div><\/div><\/div><\/blockquote>\n<\/div><div class=\"cbp-item\"><blockquote class='clearfix small simple'><div class='quote-text'><div class=\"quote-content\"><div class=\"vamtam-font-style-1 with-color\">Geburtstagsfeier Michael &amp; Ruth, H\u00e4ggenschwil (CH)<\/div>\r\n<span class='icon shortcode   use-hover' style='font-size:20px !important;color:#DC0028;'>&#57864;<\/span>\u00a0<span class='icon shortcode   use-hover' style='font-size:20px !important;color:#DC0028;'>&#57864;<\/span>\u00a0<span class='icon shortcode   use-hover' style='font-size:20px !important;color:#DC0028;'>&#57864;<\/span>\u00a0<span class='icon shortcode   use-hover' style='font-size:20px !important;color:#DC0028;'>&#57864;<\/span>\u00a0<span class='icon shortcode   use-hover' style='font-size:20px !important;color:#DC0028;'>&#57864;<\/span>\r\n\r\nHallo Sandro, unser 60-er Fest ist Geschichte. Wir d\u00fcrften einen tollen Abend verbringen. Er wird uns in allerbesten Erinnerung bleiben. Deine musikalische Begleitung war sicher ein gro\u00dfer Anteil zum Super-gelingen des abends. Du konntest genau richtig die passenden T\u00f6ne bringen. Von verschiedenen Seiten wurde deine Musik gelobt. Vielen Dank und herzliche Gr\u00fc\u00dfe.<div class=\"only-title\"><strong class='quote-title'><span class='the-title'>Michael und Ruth<\/span><\/strong><\/div><\/div><\/div><\/blockquote>\n<\/div><\/div><\/div><\/div>\n","protected":false},"excerpt":{"rendered":"<p>Geburtstagsfeier Michael &amp; Ruth, H\u00e4ggenschwil (CH) \u00a0\u00a0\u00a0\u00a0 Hallo Sandro, unser 60-er Fest ist Geschichte. Wir d\u00fcrften einen tollen Abend verbringen. Er wird uns in allerbesten Erinnerung bleiben. Deine musikalische Begleitung war sicher ein gro\u00dfer Anteil zum Super-gelingen des abends. Du konntest genau richtig die passenden T\u00f6ne bringen. Von verschiedenen Seiten wurde deine Musik gelobt. Vielen&#8230;<\/p>\n","protected":false},"author":1,"featured_media":12496,"parent":0,"menu_order":0,"comment_status":"closed","ping_status":"open","template":"","meta":{"footnotes":""},"class_list":["post-11225","page","type-page","status-publish","has-post-thumbnail","placeholder-for-hentry"],"yoast_head":"<!-- This site is optimized with the Yoast SEO plugin v27.5 - https:\/\/yoast.com\/product\/yoast-seo-wordpress\/ -->\n<title>Alleinunterhalter f\u00fcr Oktoberfest und Apr\u00e8s Ski in \u00d6sterreich<\/title>\n<meta name=\"description\" content=\"Sandro Hoffmann, Alleinunterhalter &amp; Stimmungsmacher f\u00fcr Oktoberfest und Apr\u00e8s-Ski in Vorarlberg, Tirol, Salzburg und anderen Ski Hochburgen in \u00d6sterreich.\" \/>\n<meta name=\"robots\" content=\"index, follow, max-snippet:-1, max-image-preview:large, max-video-preview:-1\" \/>\n<link rel=\"canonical\" href=\"https:\/\/www.party-alleinunterhalter.com\/at\/oktoberfest-apres-ski\/\" \/>\n<meta property=\"og:locale\" content=\"de_DE\" \/>\n<meta property=\"og:type\" content=\"article\" \/>\n<meta property=\"og:title\" content=\"Alleinunterhalter f\u00fcr Oktoberfest und Apr\u00e8s Ski in \u00d6sterreich\" \/>\n<meta property=\"og:description\" content=\"Sandro Hoffmann, Alleinunterhalter &amp; Stimmungsmacher f\u00fcr Oktoberfest und Apr\u00e8s-Ski in Vorarlberg, Tirol, Salzburg und anderen Ski Hochburgen in \u00d6sterreich.\" \/>\n<meta property=\"og:url\" content=\"https:\/\/www.party-alleinunterhalter.com\/at\/oktoberfest-apres-ski\/\" \/>\n<meta property=\"og:site_name\" content=\"Sandro Hoffmann\" \/>\n<meta property=\"article:publisher\" content=\"https:\/\/www.facebook.com\/SandroHoffmannOfficial\" \/>\n<meta property=\"article:modified_time\" content=\"2023-07-19T18:29:00+00:00\" \/>\n<meta property=\"og:image\" content=\"https:\/\/www.party-alleinunterhalter.com\/wp-content\/uploads\/2018\/10\/alleinunterhalter-fuer-oktoberfest-apres-ski.jpg\" \/>\n\t<meta property=\"og:image:width\" content=\"730\" \/>\n\t<meta property=\"og:image:height\" content=\"440\" \/>\n\t<meta property=\"og:image:type\" content=\"image\/jpeg\" \/>\n<meta name=\"twitter:card\" content=\"summary_large_image\" \/>\n<meta name=\"twitter:label1\" content=\"Est. reading time\" \/>\n\t<meta name=\"twitter:data1\" content=\"6 minutes\" \/>\n<script type=\"application\/ld+json\" class=\"yoast-schema-graph\">{\"@context\":\"https:\\\/\\\/schema.org\",\"@graph\":[{\"@type\":\"WebPage\",\"@id\":\"https:\\\/\\\/www.party-alleinunterhalter.com\\\/at\\\/oktoberfest-apres-ski\\\/\",\"url\":\"https:\\\/\\\/www.party-alleinunterhalter.com\\\/at\\\/oktoberfest-apres-ski\\\/\",\"name\":\"Alleinunterhalter f\u00fcr Oktoberfest und Apr\u00e8s Ski in \u00d6sterreich\",\"isPartOf\":{\"@id\":\"https:\\\/\\\/www.party-alleinunterhalter.com\\\/ch\\\/#website\"},\"primaryImageOfPage\":{\"@id\":\"https:\\\/\\\/www.party-alleinunterhalter.com\\\/at\\\/oktoberfest-apres-ski\\\/#primaryimage\"},\"image\":{\"@id\":\"https:\\\/\\\/www.party-alleinunterhalter.com\\\/at\\\/oktoberfest-apres-ski\\\/#primaryimage\"},\"thumbnailUrl\":\"https:\\\/\\\/www.party-alleinunterhalter.com\\\/wp-content\\\/uploads\\\/2018\\\/10\\\/alleinunterhalter-fuer-oktoberfest-apres-ski.jpg\",\"datePublished\":\"2017-09-18T12:49:55+00:00\",\"dateModified\":\"2023-07-19T18:29:00+00:00\",\"description\":\"Sandro Hoffmann, Alleinunterhalter & Stimmungsmacher f\u00fcr Oktoberfest und Apr\u00e8s-Ski in Vorarlberg, Tirol, Salzburg und anderen Ski Hochburgen in \u00d6sterreich.\",\"breadcrumb\":{\"@id\":\"https:\\\/\\\/www.party-alleinunterhalter.com\\\/at\\\/oktoberfest-apres-ski\\\/#breadcrumb\"},\"inLanguage\":\"de-AT\",\"potentialAction\":[{\"@type\":\"ReadAction\",\"target\":[\"https:\\\/\\\/www.party-alleinunterhalter.com\\\/at\\\/oktoberfest-apres-ski\\\/\"]}]},{\"@type\":\"ImageObject\",\"inLanguage\":\"de-AT\",\"@id\":\"https:\\\/\\\/www.party-alleinunterhalter.com\\\/at\\\/oktoberfest-apres-ski\\\/#primaryimage\",\"url\":\"https:\\\/\\\/www.party-alleinunterhalter.com\\\/wp-content\\\/uploads\\\/2018\\\/10\\\/alleinunterhalter-fuer-oktoberfest-apres-ski.jpg\",\"contentUrl\":\"https:\\\/\\\/www.party-alleinunterhalter.com\\\/wp-content\\\/uploads\\\/2018\\\/10\\\/alleinunterhalter-fuer-oktoberfest-apres-ski.jpg\",\"width\":730,\"height\":440,\"caption\":\"Alleinunterhalter f\u00fcr Oktoberfest & Apres-Ski\"},{\"@type\":\"BreadcrumbList\",\"@id\":\"https:\\\/\\\/www.party-alleinunterhalter.com\\\/at\\\/oktoberfest-apres-ski\\\/#breadcrumb\",\"itemListElement\":[{\"@type\":\"ListItem\",\"position\":1,\"name\":\"Startseite\",\"item\":\"https:\\\/\\\/www.party-alleinunterhalter.com\\\/at\\\/\"},{\"@type\":\"ListItem\",\"position\":2,\"name\":\"Alleinunterhalter f\u00fcr Oktoberfest und Apr\u00e8s Ski in \u00d6sterreich\"}]},{\"@type\":\"WebSite\",\"@id\":\"https:\\\/\\\/www.party-alleinunterhalter.com\\\/ch\\\/#website\",\"url\":\"https:\\\/\\\/www.party-alleinunterhalter.com\\\/ch\\\/\",\"name\":\"Sandro Hoffmann\",\"description\":\"Alleinunterhalter f\u00fcr deine Feier\",\"potentialAction\":[{\"@type\":\"SearchAction\",\"target\":{\"@type\":\"EntryPoint\",\"urlTemplate\":\"https:\\\/\\\/www.party-alleinunterhalter.com\\\/ch\\\/?s={search_term_string}\"},\"query-input\":{\"@type\":\"PropertyValueSpecification\",\"valueRequired\":true,\"valueName\":\"search_term_string\"}}],\"inLanguage\":\"de-AT\"}]}<\/script>\n<!-- \/ Yoast SEO plugin. -->","yoast_head_json":{"title":"Alleinunterhalter f\u00fcr Oktoberfest und Apr\u00e8s Ski in \u00d6sterreich","description":"Sandro Hoffmann, Alleinunterhalter & Stimmungsmacher f\u00fcr Oktoberfest und Apr\u00e8s-Ski in Vorarlberg, Tirol, Salzburg und anderen Ski Hochburgen in \u00d6sterreich.","robots":{"index":"index","follow":"follow","max-snippet":"max-snippet:-1","max-image-preview":"max-image-preview:large","max-video-preview":"max-video-preview:-1"},"canonical":"https:\/\/www.party-alleinunterhalter.com\/at\/oktoberfest-apres-ski\/","og_locale":"de_DE","og_type":"article","og_title":"Alleinunterhalter f\u00fcr Oktoberfest und Apr\u00e8s Ski in \u00d6sterreich","og_description":"Sandro Hoffmann, Alleinunterhalter & Stimmungsmacher f\u00fcr Oktoberfest und Apr\u00e8s-Ski in Vorarlberg, Tirol, Salzburg und anderen Ski Hochburgen in \u00d6sterreich.","og_url":"https:\/\/www.party-alleinunterhalter.com\/at\/oktoberfest-apres-ski\/","og_site_name":"Sandro Hoffmann","article_publisher":"https:\/\/www.facebook.com\/SandroHoffmannOfficial","article_modified_time":"2023-07-19T18:29:00+00:00","og_image":[{"width":730,"height":440,"url":"https:\/\/www.party-alleinunterhalter.com\/wp-content\/uploads\/2018\/10\/alleinunterhalter-fuer-oktoberfest-apres-ski.jpg","type":"image\/jpeg"}],"twitter_card":"summary_large_image","twitter_misc":{"Est. reading time":"6 minutes"},"schema":{"@context":"https:\/\/schema.org","@graph":[{"@type":"WebPage","@id":"https:\/\/www.party-alleinunterhalter.com\/at\/oktoberfest-apres-ski\/","url":"https:\/\/www.party-alleinunterhalter.com\/at\/oktoberfest-apres-ski\/","name":"Alleinunterhalter f\u00fcr Oktoberfest und Apr\u00e8s Ski in \u00d6sterreich","isPartOf":{"@id":"https:\/\/www.party-alleinunterhalter.com\/ch\/#website"},"primaryImageOfPage":{"@id":"https:\/\/www.party-alleinunterhalter.com\/at\/oktoberfest-apres-ski\/#primaryimage"},"image":{"@id":"https:\/\/www.party-alleinunterhalter.com\/at\/oktoberfest-apres-ski\/#primaryimage"},"thumbnailUrl":"https:\/\/www.party-alleinunterhalter.com\/wp-content\/uploads\/2018\/10\/alleinunterhalter-fuer-oktoberfest-apres-ski.jpg","datePublished":"2017-09-18T12:49:55+00:00","dateModified":"2023-07-19T18:29:00+00:00","description":"Sandro Hoffmann, Alleinunterhalter & Stimmungsmacher f\u00fcr Oktoberfest und Apr\u00e8s-Ski in Vorarlberg, Tirol, Salzburg und anderen Ski Hochburgen in \u00d6sterreich.","breadcrumb":{"@id":"https:\/\/www.party-alleinunterhalter.com\/at\/oktoberfest-apres-ski\/#breadcrumb"},"inLanguage":"de-AT","potentialAction":[{"@type":"ReadAction","target":["https:\/\/www.party-alleinunterhalter.com\/at\/oktoberfest-apres-ski\/"]}]},{"@type":"ImageObject","inLanguage":"de-AT","@id":"https:\/\/www.party-alleinunterhalter.com\/at\/oktoberfest-apres-ski\/#primaryimage","url":"https:\/\/www.party-alleinunterhalter.com\/wp-content\/uploads\/2018\/10\/alleinunterhalter-fuer-oktoberfest-apres-ski.jpg","contentUrl":"https:\/\/www.party-alleinunterhalter.com\/wp-content\/uploads\/2018\/10\/alleinunterhalter-fuer-oktoberfest-apres-ski.jpg","width":730,"height":440,"caption":"Alleinunterhalter f\u00fcr Oktoberfest & Apres-Ski"},{"@type":"BreadcrumbList","@id":"https:\/\/www.party-alleinunterhalter.com\/at\/oktoberfest-apres-ski\/#breadcrumb","itemListElement":[{"@type":"ListItem","position":1,"name":"Startseite","item":"https:\/\/www.party-alleinunterhalter.com\/at\/"},{"@type":"ListItem","position":2,"name":"Alleinunterhalter f\u00fcr Oktoberfest und Apr\u00e8s Ski in \u00d6sterreich"}]},{"@type":"WebSite","@id":"https:\/\/www.party-alleinunterhalter.com\/ch\/#website","url":"https:\/\/www.party-alleinunterhalter.com\/ch\/","name":"Sandro Hoffmann","description":"Alleinunterhalter f\u00fcr deine Feier","potentialAction":[{"@type":"SearchAction","target":{"@type":"EntryPoint","urlTemplate":"https:\/\/www.party-alleinunterhalter.com\/ch\/?s={search_term_string}"},"query-input":{"@type":"PropertyValueSpecification","valueRequired":true,"valueName":"search_term_string"}}],"inLanguage":"de-AT"}]}},"_links":{"self":[{"href":"https:\/\/www.party-alleinunterhalter.com\/at\/wp-json\/wp\/v2\/pages\/11225","targetHints":{"allow":["GET"]}}],"collection":[{"href":"https:\/\/www.party-alleinunterhalter.com\/at\/wp-json\/wp\/v2\/pages"}],"about":[{"href":"https:\/\/www.party-alleinunterhalter.com\/at\/wp-json\/wp\/v2\/types\/page"}],"author":[{"embeddable":true,"href":"https:\/\/www.party-alleinunterhalter.com\/at\/wp-json\/wp\/v2\/users\/1"}],"replies":[{"embeddable":true,"href":"https:\/\/www.party-alleinunterhalter.com\/at\/wp-json\/wp\/v2\/comments?post=11225"}],"version-history":[{"count":7,"href":"https:\/\/www.party-alleinunterhalter.com\/at\/wp-json\/wp\/v2\/pages\/11225\/revisions"}],"predecessor-version":[{"id":14261,"href":"https:\/\/www.party-alleinunterhalter.com\/at\/wp-json\/wp\/v2\/pages\/11225\/revisions\/14261"}],"wp:featuredmedia":[{"embeddable":true,"href":"https:\/\/www.party-alleinunterhalter.com\/at\/wp-json\/wp\/v2\/media\/12496"}],"wp:attachment":[{"href":"https:\/\/www.party-alleinunterhalter.com\/at\/wp-json\/wp\/v2\/media?parent=11225"}],"curies":[{"name":"wp","href":"https:\/\/api.w.org\/{rel}","templated":true}]}}