{"id":11206,"date":"2014-09-28T01:15:30","date_gmt":"2014-09-28T01:15:30","guid":{"rendered":"http:\/\/www.party-alleinunterhalter.com\/firmenfeier-weihnachtsfeier\/"},"modified":"2023-07-19T20:22:47","modified_gmt":"2023-07-19T18:22:47","slug":"firmenfeier-weihnachtsfeier","status":"publish","type":"page","link":"https:\/\/www.party-alleinunterhalter.com\/at\/firmenfeier-weihnachtsfeier\/","title":{"rendered":"Alleinunterhalter f\u00fcr Firmenfeier in \u00d6sterreich"},"content":{"rendered":"<div class=\"row \"><div class=\"wpv-grid grid-2-3  wpv-first-level first has-background unextended\" style=\"\n\t\t\t\tbackground: url( 'http:\/\/www.party-alleinunterhalter.com\/wp-content\/uploads\/2014\/09\/firmenfeier-1.jpg' ) no-repeat center top;\n\t\t\t\tbackground-size: auto;\n\t\t\tpadding-top:400px;padding-bottom:0px\" id=\"wpv-column-238ad13da751ba1fba2e88173b90971d\" ><\/div>\n<div class=\"wpv-grid grid-1-3 add-border wpv-first-level unextended\" style=\"padding-top:20px;padding-bottom:15px\" id=\"wpv-column-2148ff02166baa6d99f9b7bc30aeb7ac\" ><div class=\"row \"><div class=\"wpv-grid grid-1-1  first unextended animation-fade-in animated-active\" style=\"padding-top:0px;padding-bottom:0px\" id=\"wpv-column-edf089d40eedcb562ce6983db14dcdeb\" ><h4 style=\"padding-left: 20px;\">FAKTEN<\/h4>\n<ul>\n<li>f\u00fcr Firmenfeier, Betriebsfeier oder Weihnachtsfeier.<\/li>\n<li>dezente Lautst\u00e4rke.<\/li>\n<li>Internationales vielseitiges Repertoire.<\/li>\n<li>Vorarlberg, Tirol, gesamt \u00d6sterreich.<\/li>\n<li>geringer Platzbedarf.<\/li>\n<li>beste Referenzen.<\/li>\n<\/ul>\n<div class=\"push\" style='height:10px'><\/div>\n<h4 style=\"padding-left: 20px;\">WEITERE INFOS<\/h4>\n<p style=\"padding-left: 20px;\"><a href=\"http:\/\/www.party-alleinunterhalter.com\/at\/hoerproben-videos\/#hoerproben\">H\u00d6RPROBEN \u2192<\/a><br \/>\n<a href=\"http:\/\/www.party-alleinunterhalter.com\/at\/hoerproben-videos\/#videos\">VIDEOS \u2192<\/a><br \/>\n<a href=\"http:\/\/www.party-alleinunterhalter.com\/at\/referenzen\/\">REFERENZEN &#038; EMPFEHLUNGEN \u2192<\/a><br \/>\n<div class=\"push\" style='height:10px'><\/div>\n<h4 style=\"padding-left: 20px;\">KONTAKT &#038; BUCHUNG<\/h4>\n<p style=\"padding-left: 20px;\">Tel: +43 664 358 75 97<br \/>\n<a href=\"mailto:info@kingmusic.at\">info@kingmusic.at<\/a><\/p>\n<p style=\"padding-left: 20px;\"><a href=\"https:\/\/www.facebook.com\/musikersandrohoffmann\" target=\"_blank\" rel=\"noopener\"> <span class='icon shortcode   use-hover' style='font-size:20px !important;color:#DC0028;'>&#58155;<\/span><\/a> <a href=\"https:\/\/plus.google.com\/b\/105921548158441380766\/105921548158441380766?hl=de\" target=\"_blank\" rel=\"noopener\"><span class='icon shortcode   use-hover' style='font-size:20px !important;color:#DC0028;'>&#58150;<\/span><\/a> <a href=\"http:\/\/www.youtube.com\/channel\/UC_eMH_E4dowZtLxEaBkVVtQ\" target=\"_blank\" rel=\"noopener\"><span class='icon shortcode   use-hover' style='font-size:20px !important;color:#DC0028;'>&#58165;<\/span><\/a><br \/>\n<div class=\"push\" style='height:10px'><\/div>\n<a href=\"#expressanfrage\" target=\"_self\" style='font-size: 18px;' class=\"button vamtam-button accent1  button-filled-small hover-accent2 \"><span class=\"btext\">UNVERBINDLICHE &#038; KOSTENLOSE ANFRAGE<\/span><\/a><\/div><\/div><\/div><\/div>\n<div class=\"push\" style='height:50px'><\/div>\n<div class=\"row \"><div class=\"wpv-grid grid-1-1  wpv-first-level first unextended\" style=\"padding-top:0px;padding-bottom:0px\" id=\"wpv-column-40b6f0247afacbe2fd4df71531a9f8fc\" ><div class=\"push\" style='height:20px'><\/div>\n<h2>Alleinunterhalter f\u00fcr Firmenfeier, Betriebsfeier oder Weihnachtsfeier<\/h2>\n<span class='icon shortcode custom  use-hover' style='font-size:100px !important;color:#DC0028;'>&#59651;<\/span> Die Firmenfeier des Unternehmens ist ein Pflichttermin der angenehmen Art. Es bedarf nur einer guten Mischung aus Freundlichkeit, R\u00fccksichtnahme und Kontaktfreude, ein gem\u00fctliches T\u00e4nzchen zwischendurch, gemischt mit dezenter Musik und schon wird auch Ihr Firmen Event zum vollen Erfolg. Der Alleinunterhalter Sandro Hoffmann sorgt auch auf Ihrer Feier f\u00fcr einen unterhaltsamen H\u00f6hepunkt und hinterl\u00e4sst bei den G\u00e4sten einen bleibenden Eindruck.<\/p>\n<div class=\"push\" style='height:20px'><\/div>\n<h3>BUCHEN SIE ALLEINUNTERHALTER SANDRO F\u00dcR FIRMEFEIERN, WEIHNACHTSFEIERN IN \u00d6STERREICH<\/h3>\n<p>Sandro ist als Unterhaltungsmusiker, Alleinunterhalter f\u00fcr Ihre Weihnachtsfeier, Firmenfeier, Jubil\u00e4um, Err\u00f6ffnung, Tag der offenen T\u00fcr und anderen Firmen Events Bundesweit in \u00d6sterreich buchbar. F\u00fcr Betriebsfeste und Firmefeiern in Vorarlberg, Tirol, Salzburg, Wien und in allen anderen \u00d6sterreichischen Bundesl\u00e4nder.<\/div><\/div>\n<div class=\"row \"><div class=\"wpv-grid grid-1-1  wpv-first-level first has-background unextended animation-from-bottom animated-active\" style=\"background-color:#dadada;padding-top:15px;padding-bottom:60px\" id=\"expressanfrage\" ><style>#expressanfrage p,#expressanfrage em,#expressanfrage .column-title,#expressanfrage .sep-text h2.regular-title-wrapper,#expressanfrage .text-divider-double,#expressanfrage .sep-text .sep-text-line,#expressanfrage .sep,#expressanfrage .sep-2,#expressanfrage .sep-3,#expressanfrage td,#expressanfrage th,#expressanfrage caption{color:#5b5b5b;}#expressanfrage:before{background-color:transparent;}<\/style>\t\t<div class=\"sep-text single centered\">\n\t\t\t\t\t\t\t<span class=\"sep-text-before\"><div class=\"sep-text-line\"><\/div><\/span>\n\t\t\t\t\t\t<div class=\"content\">\n\t\t\t\t<h2 class=\"text-divider-double\">UNVERBINDLICHE EXPRESS ANFRAGE<\/h2>\t\t\t<\/div>\n\t\t\t<span class=\"sep-text-after\"><div class=\"sep-text-line\"><\/div><\/span>\n\t\t\t\t\t<\/div>\n\t<div class=\"push\" style='height:10px'><\/div>\n<div class=\"row \"><div class=\"wpv-grid grid-1-1  first unextended\" style=\"padding-top:0px;padding-bottom:0px\" id=\"wpv-column-4facd17c4d65136d2d2e25aae3f644bb\" ><p>\n<div class=\"wpcf7 no-js\" id=\"wpcf7-f9392-o1\" lang=\"en-US\" dir=\"ltr\" data-wpcf7-id=\"9392\">\n<div class=\"screen-reader-response\"><p role=\"status\" aria-live=\"polite\" aria-atomic=\"true\"><\/p> <ul><\/ul><\/div>\n<form action=\"\/at\/wp-json\/wp\/v2\/pages\/11206#wpcf7-f9392-o1\" method=\"post\" class=\"wpcf7-form init\" aria-label=\"Contact form\" novalidate=\"novalidate\" data-status=\"init\">\n<fieldset class=\"hidden-fields-container\"><input type=\"hidden\" name=\"_wpcf7\" value=\"9392\" \/><input type=\"hidden\" name=\"_wpcf7_version\" value=\"6.1.5\" \/><input type=\"hidden\" name=\"_wpcf7_locale\" value=\"en_US\" \/><input type=\"hidden\" name=\"_wpcf7_unit_tag\" value=\"wpcf7-f9392-o1\" \/><input type=\"hidden\" name=\"_wpcf7_container_post\" value=\"0\" \/><input type=\"hidden\" name=\"_wpcf7_posted_data_hash\" value=\"\" \/><input type=\"hidden\" name=\"_wpcf7_recaptcha_response\" value=\"\" \/>\n<\/fieldset>\n<div class=\"vamtam-rsvp-form\">\n\t<div class=\"row\">\n\t\t<div class=\"grid-1-5\">\n\t\t\t<p><span class=\"wpcf7-form-control-wrap\" data-name=\"veranstalter-name\"><input size=\"40\" maxlength=\"400\" class=\"wpcf7-form-control wpcf7-text wpcf7-validates-as-required\" id=\"veranstalter-name\" aria-required=\"true\" aria-invalid=\"false\" placeholder=\"*Veranstalter \/ Name\" value=\"\" type=\"text\" name=\"veranstalter-name\" \/><\/span>\n\t\t\t<\/p>\n\t\t<\/div>\n\t\t<div class=\"grid-1-5\">\n\t\t\t<p><span class=\"wpcf7-form-control-wrap\" data-name=\"veranstalter-adresse\"><input size=\"40\" maxlength=\"400\" class=\"wpcf7-form-control wpcf7-text\" id=\"veranstalter-adresse\" aria-invalid=\"false\" placeholder=\"Strasse\" value=\"\" type=\"text\" name=\"veranstalter-adresse\" \/><\/span>\n\t\t\t<\/p>\n\t\t<\/div>\n\t\t<div class=\"grid-1-5\">\n\t\t\t<p><span class=\"wpcf7-form-control-wrap\" data-name=\"veranstalter-ort\"><input size=\"40\" maxlength=\"400\" class=\"wpcf7-form-control wpcf7-text\" id=\"veranstalter-ort\" aria-invalid=\"false\" placeholder=\"Ort \/ Land\" value=\"\" type=\"text\" name=\"veranstalter-ort\" \/><\/span>\n\t\t\t<\/p>\n\t\t<\/div>\n\t\t<div class=\"grid-1-5\">\n\t\t\t<p><span class=\"wpcf7-form-control-wrap\" data-name=\"Phone\"><input size=\"40\" maxlength=\"400\" class=\"wpcf7-form-control wpcf7-text\" id=\"Phone\" aria-invalid=\"false\" placeholder=\"Telefon\" value=\"\" type=\"text\" name=\"Phone\" \/><\/span>\n\t\t\t<\/p>\n\t\t<\/div>\n\t\t<div class=\"grid-1-5\">\n\t\t\t<p><span class=\"wpcf7-form-control-wrap\" data-name=\"email-313\"><input size=\"40\" maxlength=\"400\" class=\"wpcf7-form-control wpcf7-email wpcf7-validates-as-required wpcf7-text wpcf7-validates-as-email\" id=\"your-email\" aria-required=\"true\" aria-invalid=\"false\" placeholder=\"*Email\" value=\"\" type=\"email\" name=\"email-313\" \/><\/span>\n\t\t\t<\/p>\n\t\t<\/div>\n\t\t<div class=\"grid-1-5\">\n\t\t\t<p><span class=\"wpcf7-form-control-wrap\" data-name=\"art\"><input size=\"40\" maxlength=\"400\" class=\"wpcf7-form-control wpcf7-text\" id=\"art\" aria-invalid=\"false\" placeholder=\"Art z.bsp.Hochzeit, Geburtstag, etc.\" value=\"\" type=\"text\" name=\"art\" \/><\/span>\n\t\t\t<\/p>\n\t\t<\/div>\n\t\t<div class=\"grid-1-5\">\n\t\t\t<p><span class=\"wpcf7-form-control-wrap\" data-name=\"gaesteanzahl\"><input size=\"40\" maxlength=\"400\" class=\"wpcf7-form-control wpcf7-text\" id=\"gaesteanzahl\" aria-invalid=\"false\" placeholder=\"ca. G\u00e4steanzahl\" value=\"\" type=\"text\" name=\"gaesteanzahl\" \/><\/span>\n\t\t\t<\/p>\n\t\t<\/div>\n\t\t<div class=\"grid-1-5\">\n\t\t\t<p><span class=\"wpcf7-form-control-wrap\" data-name=\"datum\"><input size=\"40\" maxlength=\"400\" class=\"wpcf7-form-control wpcf7-text\" id=\"datum\" aria-invalid=\"false\" placeholder=\"Datum der Veranstaltung\" value=\"\" type=\"text\" name=\"datum\" \/><\/span>\n\t\t\t<\/p>\n\t\t<\/div>\n\t\t<div class=\"grid-1-5\">\n\t\t\t<p><span class=\"wpcf7-form-control-wrap\" data-name=\"auftrittszeit\"><input size=\"40\" maxlength=\"400\" class=\"wpcf7-form-control wpcf7-text\" id=\"auftrittszeit\" aria-invalid=\"false\" placeholder=\"Spielzeit \/ Auftrittszeit\" value=\"\" type=\"text\" name=\"auftrittszeit\" \/><\/span>\n\t\t\t<\/p>\n\t\t<\/div>\n\t\t<div class=\"grid-1-5\">\n\t\t\t<p><span class=\"wpcf7-form-control-wrap\" data-name=\"lokal\"><input size=\"40\" maxlength=\"400\" class=\"wpcf7-form-control wpcf7-text\" id=\"lokal\" aria-invalid=\"false\" placeholder=\"Lokalit\u00e4t \/ Ort\" value=\"\" type=\"text\" name=\"lokal\" \/><\/span>\n\t\t\t<\/p>\n\t\t<\/div>\n\t\t<div class=\"grid-1-1\">\n\t\t\t<p><span class=\"wpcf7-form-control-wrap\" data-name=\"our-message\"><textarea cols=\"40\" rows=\"5\" maxlength=\"2000\" class=\"wpcf7-form-control wpcf7-textarea\" id=\"message\" aria-invalid=\"false\" placeholder=\"Ihre Nachricht...\" name=\"our-message\"><\/textarea><\/span>\n\t\t\t<\/p>\n\t\t<\/div>\n\t\t<p><span id=\"wpcf7-69f498cd58f22-wrapper\" class=\"wpcf7-form-control-wrap Website-wrap\" style=\"display:none !important; visibility:hidden !important;\"><label for=\"wpcf7-69f498cd58f22-field\" class=\"hp-message\">Please leave this field empty.<\/label><input id=\"wpcf7-69f498cd58f22-field\"  class=\"wpcf7-form-control wpcf7-text\" type=\"text\" name=\"Website\" value=\"\" size=\"40\" tabindex=\"-1\" autocomplete=\"new-password\" \/><\/span>\n\t\t<\/p>\n\t<\/div>\n\t<div style= \"text-align: center;\">\n\t\t<p><input class=\"wpcf7-form-control wpcf7-submit has-spinner\" type=\"submit\" value=\"ANFRAGE SENDEN \u2192\" \/>\n\t\t<\/p>\n\t<\/div>\n<\/div><div class=\"wpcf7-response-output\" aria-hidden=\"true\"><\/div>\n<\/form>\n<\/div>\n<\/div><\/div><\/div><\/div>\n<div class=\"row \"><div class=\"wpv-grid grid-1-1  wpv-first-level first unextended\" style=\"padding-top:0px;padding-bottom:0px\" id=\"wpv-column-0aba620f0d8f96a52e03476434a6612b\" ><div class=\"push\" style='height:20px'><\/div>\n<h3>JUBIL\u00c4UM, ERR\u00d6FFNUNG, BETRIEBSFEST UND ANDERE FIRMEN EVENTS<\/h3>\n<p>Zu anderen \u201e\u00f6ffentlichen Firmenanl\u00e4ssen\u201c wie Jubil\u00e4en, Err\u00f6ffnungen, Tag der offenen T\u00fcr und andere Betriebsfeste, wird immer ein Rahmenprogramm oder ein Fest der jeweiligen Einrichtungparty veranstaltet um einen Besuch f\u00fcr alle Beteiligte, aber auch f\u00fcr Unbeteiligte interessanter zu gestalten. Damit sich Ihre Besucher wohl f\u00fchlen geh\u00f6rt unter anderem auch hier eine gute Mischung von Musik, Moderation und Unterhaltung. Der Alleinunterhalter Sandro Hoffmann findet auch hierf\u00fcr den richtigen Ton und f\u00fcgt sich in die gegebenheiten ein. Die Musikauswahl wird dem Anlass entsprechend und in Absprache mit dem Veranstalter angepasst.<\/p>\n<div class=\"push\" style='height:20px'><\/div>\n<h3>DIE WEIHNACHTSZEIT, HAUPTSAISON F\u00dcR FIRMEN ANL\u00c4SSE<\/h3>\n<p>Die Weihnachtszeit ist die Hauptsaison f\u00fcr verschiedene Betriebsfeste. Da sie relativ kurz ist und in dieser Zeit Sandro f\u00fcr diverse Weihnachtsfeiern meist recht schnell ausgebucht ist, fragen Sie rechtzeitig an, und informieren Sie sich am besten schon im September oder Oktober. Wenn Sie den passenden Termin gefunden und gebucht haben, gehen Sie mit Alleinunterhalter Sandro noch den genauen Ablauf durch. Wie lange soll der Auftritt dauern? Kann der Auftritt bei Bedarf spontan verl\u00e4ngert werden? Und d\u00fcrfen Sie die mitgebrachte Technik des Party Musikers f\u00fcr ihre Pr\u00e4sentationen nutzen? F\u00fcr die perfekte Organisation ist es wichtig alle Notfalll\u00f6sungen einzuplanen damit Sie der Weihnachtsfeier entspannt entgegensehen.<\/p>\n<div class=\"push\" style='height:20px'><\/div>\n<h3>BEI VIELEN FIRMENFEIERN D\u00dcRFTE SANDRO DIE G\u00c4STE UNTERHALTEN<\/h3>\n<p>Alleinunterhalter SANDRO HOFFMANN hat schon unz\u00e4hlige Weihnachtsfeiern gespielt, unter anderem f\u00fcr namhafte Firmen wie Thyssen Krupp, ZEPTER, HERBALIFE, MERCEDES-BENZ, COOP, OLMA, Alcadis AG, HYDRO AG usw. Schauen sie sich die gesamte liste unter den Referenzen unbedingt an! H\u00f6ren Sie sich auch H\u00f6rproben und schauen Sie sich auch die Live Videos an, und \u00fcberzeugen Sie sich selbst.<\/p>\n<div class=\"push\" style='height:20px'><\/div>\n<a target=\"_self\" style='font-size: 24px;' class=\"button vamtam-button accent1  button-border hover-accent2 \"><span class='icon shortcode   use-hover' style='font-size:32px !important;'>&#57612;<\/span><span class=\"btext\">WEITERE EXTRAS<\/span><\/a>\n<div class=\"push\" style='height:20px'><\/div>\n<h3>ALLEINUNTERHALTER, MUSIKER ODER DJ F\u00dcR IHRE FIRMENFEIER<\/h3>\n<p>Bei Firmenfeiern stellt sich oft die Frage, ob man einen Alleinunterhalter, Musiker oder einen DJ buchen soll? Bekanntlicherweise sind die Geschm\u00e4cker unterschiedlich! Der eine bevorzugt Live Musik aber der andere doch lieber Musik aus der Dose. Daher bietet Sandro Hoffmann auf Wunsch auch eine perfekte Mischung aus beidem.<br \/>\nBei vielen Events hat sich diese Kombination bew\u00e4hrt: Musik aus zwei Teilen, bei der SANDRO den ersten Teil des Festes als Alleinunterhalter mit LIVE Musik gestaltet und danach als DJ Musik auflegt f\u00fcr die Party bis tief in die Morgenstunden.<\/p>\n<div class=\"push\" style='height:20px'><\/div>\n<h3>MICROPHONE UND VERST\u00c4RKER ANLAGE F\u00dcR IHRE PR\u00c4SENTATIONEN ODER ANSPRACHEN<\/h3>\n<p>F\u00fcr Ansprachen, Pr\u00e4stentationen oder \u00e4hnliches steht Ihnen Sandro zur Seite.Fragen Sie einfach nach, und besprechen Sie mit dem Partymusiker welches Equipment sie f\u00fcr ihre Darbietungen ben\u00f6tigen. Falls etwas nicht machbar scheint, wird machbar gemacht.<\/p>\n<div class=\"push\" style='height:20px'><\/div>\n<a target=\"_self\" style='font-size: 24px;' class=\"button vamtam-button accent1  button-border hover-accent2 \"><span class='icon shortcode   use-hover' style='font-size:32px !important;'>&#57651;<\/span><span class=\"btext\">PLATZBEDARF, STROM, ETC.<\/span><\/a>\n<div class=\"push\" style='height:20px'><\/div>\n<h3>EINE KOMPAKTE EIN-MANN-BAND<\/h3>\n<p>Ob f\u00fcr kleine oder gro\u00dfe Party der Alleinunterhalter Sandro braucht sehr wenig Platz. Eine kleine Ecke reicht schon aus, falls es eine kleinere Feier mit engen Platzverh\u00e4ltnissen ist. Ebenso ben\u00f6tigt Sandro einen normalen Stromanschluss mit 220V. Sandro passt sich flexibel den Gegebenheiten an und ist ein Musiker f\u00fcr kleine Parties der gro\u00dfen Firmenevents.<\/p>\n<div class=\"push\" style='height:20px'><\/div>\n<a href=\"#expressanfrage\" target=\"_self\" style='font-size: 24px;' class=\"button vamtam-button accent1  button-filled-small hover-accent2 \"><span class='icon shortcode theme  use-hover' style='font-size:32px !important;'>&#57473;<\/span><span class=\"btext\">UNVERBINDLICHE &#038; KOSTENLOSE ANFRAGE \u2192<\/span><\/a>\n<div class=\"push\" style='height:20px'><\/div>\n<h3>BUCHUNGSABLAUF, WEITERE INFOS, FRAGEN UND KONTAKT<\/h3>\n<p>In unserem B\u00fcro erreichen Sie Alleinunterhalter Sandro Hoffmann t\u00e4glich ab 09.00 Uhr unter der <strong>Telefon-Nr. +43 664 358 75 97<\/strong>, oder am besten f\u00fcllen Sie einfach das untenschtehende <strong>Formular<\/strong> aus, und in k\u00fcrze bekommen Sie ein Angebot oder Antworten auf ihre Fragen.<\/p>\n<p>Weitere Informationen zum Buchungsablauf finden Sie hier:<br \/>\n<div class=\"push\" style='height:10px'><\/div>\n<a href=\"http:\/\/www.party-alleinunterhalter.com\/at\/kontakt\/#buchungsablauf\" target=\"_self\" style='font-size: 24px;' class=\"button vamtam-button accent1  button-border hover-accent2 \"><span class='icon shortcode theme  use-hover' style='font-size:32px !important;'>&#58883;<\/span><span class=\"btext\">BUCHUNGSABLAUF \u2192<\/span><\/a>\n<div class=\"push\" style='height:20px'><\/div>\n<a href=\"http:\/\/www.party-alleinunterhalter.com\/at\/hoerproben-videos\/#hoerproben\" target=\"_self\" style='font-size: 24px;' class=\"button vamtam-button accent1  button-filled-small hover-accent2 \"><span class='icon shortcode   use-hover' style='font-size:32px !important;'>&#58166;<\/span><span class=\"btext\">H\u00d6RPROBEN &#038; LIVE VIDEOS \u2192<\/span><\/a><\/div><\/div>\n<div class=\"row \"><div class=\"wpv-grid grid-1-1  wpv-first-level first unextended\" style=\"padding-top:0px;padding-bottom:0px\" id=\"wpv-column-d5fe47d18327f91e1c433e1035f8ebec\" >\t\t<div class=\"sep-text single centered\">\n\t\t\t\t\t\t\t<span class=\"sep-text-before\"><div class=\"sep-text-line\"><\/div><\/span>\n\t\t\t\t\t\t<div class=\"content\">\n\t\t\t\t<h2 class=\"text-divider-double\">DAS SAGEN VERANSTALTER<\/h2>\t\t\t<\/div>\n\t\t\t<span class=\"sep-text-after\"><div class=\"sep-text-line\"><\/div><\/span>\n\t\t\t\t\t<\/div>\n\t<div class=\"vamtam-cubeportfolio cbp cbp-slider-edge vamtam-testimonials-slider\" data-options=\"{&quot;layoutMode&quot;:&quot;slider&quot;,&quot;drag&quot;:true,&quot;auto&quot;:true,&quot;autoTimeout&quot;:5000,&quot;autoPauseOnHover&quot;:true,&quot;showNavigation&quot;:false,&quot;showPagination&quot;:true,&quot;rewindNav&quot;:true,&quot;scrollByPage&quot;:false,&quot;gridAdjustment&quot;:&quot;responsive&quot;,&quot;mediaQueries&quot;:[{&quot;width&quot;:1,&quot;cols&quot;:1}],&quot;gapHorizontal&quot;:0,&quot;gapVertical&quot;:0,&quot;caption&quot;:&quot;&quot;,&quot;displayType&quot;:&quot;default&quot;}\"><div class=\"cbp-item\"><blockquote class='clearfix small simple'><div class='quote-text'><div class=\"quote-content\"><div class=\"vamtam-font-style-1 with-color\">Hochzeitsfeier Albrecht &amp; Judith, Ettingen (CH)<\/div>\r\n<span class='icon shortcode   use-hover' style='font-size:20px !important;color:#DC0028;'>&#57864;<\/span>\u00a0<span class='icon shortcode   use-hover' style='font-size:20px !important;color:#DC0028;'>&#57864;<\/span>\u00a0<span class='icon shortcode   use-hover' style='font-size:20px !important;color:#DC0028;'>&#57864;<\/span>\u00a0<span class='icon shortcode   use-hover' style='font-size:20px !important;color:#DC0028;'>&#57864;<\/span>\u00a0<span class='icon shortcode   use-hover' style='font-size:20px !important;color:#DC0028;'>&#57864;<\/span>\r\n\r\nWir m\u00f6chten uns nochmals ganz herzlich bei Dir bedanken f\u00fcr Deine musikalische Darbietung w\u00e4hrend unserem Hochzeitsfest.Du bist grossartig. Du machst das absolut super und Dein Repertoire l\u00e4sst keine W\u00fcnsche offen.Wir werden Dich auf jeden Fall weiterempfehlen. Herzlichen Dank und alles Gute.<div class=\"only-title\"><strong class='quote-title'><span class='the-title'>Albrecht &#038; Judith<\/span><\/strong><\/div><\/div><\/div><\/blockquote>\n<\/div><div class=\"cbp-item\"><blockquote class='clearfix small simple'><div class='quote-text'><div class=\"quote-content\"><div class=\"vamtam-font-style-1 with-color\">Geburtstagsfeier Gisela &amp; Roger, Winkel (CH)<\/div>\r\n<span class='icon shortcode   use-hover' style='font-size:20px !important;color:#DC0028;'>&#57864;<\/span> <span class='icon shortcode   use-hover' style='font-size:20px !important;color:#DC0028;'>&#57864;<\/span> <span class='icon shortcode   use-hover' style='font-size:20px !important;color:#DC0028;'>&#57864;<\/span> <span class='icon shortcode   use-hover' style='font-size:20px !important;color:#DC0028;'>&#57864;<\/span> <span class='icon shortcode   use-hover' style='font-size:20px !important;color:#DC0028;'>&#57864;<\/span>\r\n\r\nLieber Sandro, Wir m\u00f6chten es nicht vers\u00e4umen, dir ganz herzlich f\u00fcr die tolle Live-Musik zu danken. Du hast entscheidend zu einem gelungenen Geburtstagsfest zum 50. von Roger beigetragen. Von deinem riesigen Repertoire waren wir angenehm \u00fcberrascht. Auch hast immer gewusst, was zu welchem Zeitpunkt und in welcher Lautst\u00e4rke passend ist. Hat einfach alles gepasst. Kurz wir waren sehr begeistert. Auch die R\u00fcckmeldungen von unseren G\u00e4sten war durchwegs sehr positiv. Gerne werden wir dich weiter empfehlen und nat\u00fcrlich gegebenenfalls auch selber wieder buchen. Nochmals ganz herzlichen Dank und Liebe Gr\u00fcsse.<div class=\"only-title\"><strong class='quote-title'><span class='the-title'>Gisela &#038; Roger<\/span><\/strong><\/div><\/div><\/div><\/blockquote>\n<\/div><div class=\"cbp-item\"><blockquote class='clearfix small simple'><div class='quote-text'><div class=\"quote-content\"><div class=\"vamtam-font-style-1 with-color\">Geburtstagsfeier Susy &amp; Silvia, Wilen (CH)<\/div>\r\n<span class='icon shortcode   use-hover' style='font-size:20px !important;color:#DC0028;'>&#57864;<\/span> <span class='icon shortcode   use-hover' style='font-size:20px !important;color:#DC0028;'>&#57864;<\/span> <span class='icon shortcode   use-hover' style='font-size:20px !important;color:#DC0028;'>&#57864;<\/span> <span class='icon shortcode   use-hover' style='font-size:20px !important;color:#DC0028;'>&#57864;<\/span> <span class='icon shortcode   use-hover' style='font-size:20px !important;color:#DC0028;'>&#57864;<\/span>\r\n\r\nLieber Sandro, F\u00fcr den unvergesslich sch\u00f6nen Geburtstagsabend in der Besebeiz Wilen vom 19. August 2017 bedanken wir und ganz herzlich bei Dir. Du bist einfach super !!!! Es war ein wundersch\u00f6nes Geburtstagsfest mit einer mega Stimmung! Herzlichen Dank ! Mach weiter so. Wir freuen uns, Dich und Deine Musik wieder einmal zu h\u00f6ren. Es gr\u00fcssen Dich herzlich Susy und Silvia, PS: Das gesamte G\u00e4ste-Echo war einfach nur positiv!<div class=\"only-title\"><strong class='quote-title'><span class='the-title'>Susy &#038; Silvia<\/span><\/strong><\/div><\/div><\/div><\/blockquote>\n<\/div><div class=\"cbp-item\"><blockquote class='clearfix small simple'><div class='quote-text'><div class=\"quote-content\"><div class=\"vamtam-font-style-1 with-color\">Geburtstagsfeier Karin, Fraubrunnen (CH)<\/div>\r\n<span class='icon shortcode   use-hover' style='font-size:20px !important;color:#DC0028;'>&#57864;<\/span>\u00a0<span class='icon shortcode   use-hover' style='font-size:20px !important;color:#DC0028;'>&#57864;<\/span>\u00a0<span class='icon shortcode   use-hover' style='font-size:20px !important;color:#DC0028;'>&#57864;<\/span>\u00a0<span class='icon shortcode   use-hover' style='font-size:20px !important;color:#DC0028;'>&#57864;<\/span>\u00a0<span class='icon shortcode   use-hover' style='font-size:20px !important;color:#DC0028;'>&#57864;<\/span>\r\n\r\nHallo Sandro, Vielen herzlichen Dank f\u00fcr Deinen Beitrag zu meinem Geburtstagsfest. Ich habs in vollen Z\u00fcgen genossen und bin dankbar f\u00fcr Deine Unterhaltung!\r\nF\u00fcr mich hats perfekt gepasst und ich kann Dich w\u00e4rmstens weiterempfehlen.\r\n\r\nLiebe Gr\u00fcsse\r\nKarin<div class=\"only-title\"><strong class='quote-title'><span class='the-title'>Karin<\/span><\/strong><\/div><\/div><\/div><\/blockquote>\n<\/div><div class=\"cbp-item\"><blockquote class='clearfix small simple'><div class='quote-text'><div class=\"quote-content\"><div class=\"vamtam-font-style-1 with-color\">Hochzeit von Katja Steiner, Burgdorf (CH)<\/div>\r\n<span class='icon shortcode   use-hover' style='font-size:20px !important;color:#DC0028;'>&#57864;<\/span>\u00a0<span class='icon shortcode   use-hover' style='font-size:20px !important;color:#DC0028;'>&#57864;<\/span>\u00a0<span class='icon shortcode   use-hover' style='font-size:20px !important;color:#DC0028;'>&#57864;<\/span>\u00a0<span class='icon shortcode   use-hover' style='font-size:20px !important;color:#DC0028;'>&#57864;<\/span>\u00a0<span class='icon shortcode   use-hover' style='font-size:20px !important;color:#DC0028;'>&#57864;<\/span>\r\n\r\nMit Alleinunterhalter Sandro hatten wir echt Gl\u00fcck! Das wir nach absage unseren erst gebuchten Musiker f\u00fcr unsere Hochzeit so eine tolle kurzfristig buchen konnten, hatten wir nicht gerechnet. Sandro ist ein absoluter Profi und Spitze.Er hat ordentlich Dampf gemacht schliesslich tanzten unsere G\u00e4ste bis morgen fr\u00fch. Weiterhin so und viel Erfolg. Kati aus Burgdorf.<div class=\"only-title\"><strong class='quote-title'><span class='the-title'>Katja Steiner<\/span><\/strong><\/div><\/div><\/div><\/blockquote>\n<\/div><div class=\"cbp-item\"><blockquote class='clearfix small simple'><div class='quote-text'><div class=\"quote-content\"><div class=\"vamtam-font-style-1 with-color\">Hochzeit Buser Esther und B\u00fcsu, Erlinsbach (CH)<\/div>\r\n<span class='icon shortcode   use-hover' style='font-size:20px !important;color:#DC0028;'>&#57864;<\/span>\u00a0<span class='icon shortcode   use-hover' style='font-size:20px !important;color:#DC0028;'>&#57864;<\/span>\u00a0<span class='icon shortcode   use-hover' style='font-size:20px !important;color:#DC0028;'>&#57864;<\/span>\u00a0<span class='icon shortcode   use-hover' style='font-size:20px !important;color:#DC0028;'>&#57864;<\/span>\u00a0<span class='icon shortcode   use-hover' style='font-size:20px !important;color:#DC0028;'>&#57864;<\/span>\r\n\r\n<div class=\"push\" style='height:10px'><\/div>\r\nSandro Hoffmann hat unsere Hochzeitsfeier mit seiner super tollen Musik zu einem unvergesslichen Tag gemacht. Von 19.00 Uhr bis um 2.00 Uhr ohne je ein Musikst\u00fcck zwei Mal zu spielen ist schon eine Meisterleistung 1. Klasse! Er war eine Bereicherung f\u00fcr unsere Feier. Dementsprechend m\u00f6chten wir uns nochmals herzlich danken! Mit allerbesten gr\u00fcssen Esther und B\u00fcsu!.<div class=\"only-title\"><strong class='quote-title'><span class='the-title'>Buser Esther<\/span><\/strong><\/div><\/div><\/div><\/blockquote>\n<\/div><div class=\"cbp-item\"><blockquote class='clearfix small simple'><div class='quote-text'><div class=\"quote-content\"><div class=\"vamtam-font-style-1 with-color\">Weihnachtsfeier Patrizia Egloff, Bauma (CH)<\/div>\r\n<span class='icon shortcode   use-hover' style='font-size:20px !important;color:#DC0028;'>&#57864;<\/span>\u00a0<span class='icon shortcode   use-hover' style='font-size:20px !important;color:#DC0028;'>&#57864;<\/span>\u00a0<span class='icon shortcode   use-hover' style='font-size:20px !important;color:#DC0028;'>&#57864;<\/span>\u00a0<span class='icon shortcode   use-hover' style='font-size:20px !important;color:#DC0028;'>&#57864;<\/span>\u00a0<span class='icon shortcode   use-hover' style='font-size:20px !important;color:#DC0028;'>&#57864;<\/span>\r\n\r\nLieber Sandro Ein ganz grosses, herzliches Dankesch\u00f6n f\u00fcr den tollen Abend, den Du mit Deiner tollen Musik uns beschert hast. Dank Deiner musikalischen Unterhaltung hatten wir eine tolle Stimmung den ganzen Abend. Es war eine grosse Bereicherung Dich dabei zu haben. Gerne wieder einmal \u2026<div class=\"only-title\"><strong class='quote-title'><span class='the-title'>Patrizia Egloff<\/span><\/strong><\/div><\/div><\/div><\/blockquote>\n<\/div><div class=\"cbp-item\"><blockquote class='clearfix small simple'><div class='quote-text'><div class=\"quote-content\"><div class=\"vamtam-font-style-1 with-color\">Geburtstagsfeier Elisabeth &amp; Albert, Baldingen (CH)<\/div>\r\n<span class='icon shortcode   use-hover' style='font-size:20px !important;color:#DC0028;'>&#57864;<\/span>\u00a0<span class='icon shortcode   use-hover' style='font-size:20px !important;color:#DC0028;'>&#57864;<\/span>\u00a0<span class='icon shortcode   use-hover' style='font-size:20px !important;color:#DC0028;'>&#57864;<\/span>\u00a0<span class='icon shortcode   use-hover' style='font-size:20px !important;color:#DC0028;'>&#57864;<\/span>\u00a0<span class='icon shortcode   use-hover' style='font-size:20px !important;color:#DC0028;'>&#57864;<\/span>\r\n\r\nLieber Sandro, Wir m\u00f6chten uns ganz herzlich bei Dir f\u00fcr den tollen Einsatz an unserem 30. Hochzeitstag bedanken. Alle G\u00e4ste waren total begeistert von Dir. Mit Deiner tollen Stimme und Musik konntest du uns alle mitreissen! Nat\u00fcrlich hat uns auch deine sehr, sehr sympathische Art gefallen! Wir werden Dich ganz bestimmt wieder buchen. Liebe Gr\u00fcsse Elisabeth und Albert<div class=\"only-title\"><strong class='quote-title'><span class='the-title'>Elisabeth &#038; Albert<\/span><\/strong><\/div><\/div><\/div><\/blockquote>\n<\/div><div class=\"cbp-item\"><blockquote class='clearfix small simple'><div class='quote-text'><div class=\"quote-content\"><div class=\"vamtam-font-style-1 with-color\">Geburtstagsfeier Michael &amp; Ruth, H\u00e4ggenschwil (CH)<\/div>\r\n<span class='icon shortcode   use-hover' style='font-size:20px !important;color:#DC0028;'>&#57864;<\/span>\u00a0<span class='icon shortcode   use-hover' style='font-size:20px !important;color:#DC0028;'>&#57864;<\/span>\u00a0<span class='icon shortcode   use-hover' style='font-size:20px !important;color:#DC0028;'>&#57864;<\/span>\u00a0<span class='icon shortcode   use-hover' style='font-size:20px !important;color:#DC0028;'>&#57864;<\/span>\u00a0<span class='icon shortcode   use-hover' style='font-size:20px !important;color:#DC0028;'>&#57864;<\/span>\r\n\r\nHallo Sandro, unser 60-er Fest ist Geschichte. Wir d\u00fcrften einen tollen Abend verbringen. Er wird uns in allerbesten Erinnerung bleiben. Deine musikalische Begleitung war sicher ein gro\u00dfer Anteil zum Super-gelingen des abends. Du konntest genau richtig die passenden T\u00f6ne bringen. Von verschiedenen Seiten wurde deine Musik gelobt. Vielen Dank und herzliche Gr\u00fc\u00dfe.<div class=\"only-title\"><strong class='quote-title'><span class='the-title'>Michael und Ruth<\/span><\/strong><\/div><\/div><\/div><\/blockquote>\n<\/div><\/div><\/div><\/div>\n","protected":false},"excerpt":{"rendered":"<p>Geburtstagsfeier Michael &amp; Ruth, H\u00e4ggenschwil (CH) \u00a0\u00a0\u00a0\u00a0 Hallo Sandro, unser 60-er Fest ist Geschichte. Wir d\u00fcrften einen tollen Abend verbringen. Er wird uns in allerbesten Erinnerung bleiben. Deine musikalische Begleitung war sicher ein gro\u00dfer Anteil zum Super-gelingen des abends. Du konntest genau richtig die passenden T\u00f6ne bringen. Von verschiedenen Seiten wurde deine Musik gelobt. Vielen&#8230;<\/p>\n","protected":false},"author":1,"featured_media":10011,"parent":0,"menu_order":0,"comment_status":"closed","ping_status":"open","template":"","meta":{"footnotes":""},"class_list":["post-11206","page","type-page","status-publish","has-post-thumbnail","placeholder-for-hentry"],"yoast_head":"<!-- This site is optimized with the Yoast SEO plugin v27.5 - https:\/\/yoast.com\/product\/yoast-seo-wordpress\/ -->\n<title>Alleinunterhalter f\u00fcr Firmenfeier in \u00d6sterreich - Sandro Hoffmann<\/title>\n<meta name=\"description\" content=\"Buchen Sie den besten Profi Alleinunterhalter f\u00fcr Weihnachtsfeier, Firmenfeier in Vorarlberg, Tirol, Salzburg, Wien u. anderen \u00d6sterreichischen Bundesl\u00e4nder\" \/>\n<meta name=\"robots\" content=\"index, follow, max-snippet:-1, max-image-preview:large, max-video-preview:-1\" \/>\n<link rel=\"canonical\" href=\"https:\/\/www.party-alleinunterhalter.com\/at\/firmenfeier-weihnachtsfeier\/\" \/>\n<meta property=\"og:locale\" content=\"de_DE\" \/>\n<meta property=\"og:type\" content=\"article\" \/>\n<meta property=\"og:title\" content=\"Alleinunterhalter f\u00fcr Firmenfeier in \u00d6sterreich - Sandro Hoffmann\" \/>\n<meta property=\"og:description\" content=\"Buchen Sie den besten Profi Alleinunterhalter f\u00fcr Weihnachtsfeier, Firmenfeier in Vorarlberg, Tirol, Salzburg, Wien u. anderen \u00d6sterreichischen Bundesl\u00e4nder\" \/>\n<meta property=\"og:url\" content=\"https:\/\/www.party-alleinunterhalter.com\/at\/firmenfeier-weihnachtsfeier\/\" \/>\n<meta property=\"og:site_name\" content=\"Sandro Hoffmann\" \/>\n<meta property=\"article:publisher\" content=\"https:\/\/www.facebook.com\/SandroHoffmannOfficial\" \/>\n<meta property=\"article:modified_time\" content=\"2023-07-19T18:22:47+00:00\" \/>\n<meta property=\"og:image\" content=\"https:\/\/www.party-alleinunterhalter.com\/wp-content\/uploads\/2014\/09\/firmenfeier-1.jpg\" \/>\n\t<meta property=\"og:image:width\" content=\"730\" \/>\n\t<meta property=\"og:image:height\" content=\"440\" \/>\n\t<meta property=\"og:image:type\" content=\"image\/jpeg\" \/>\n<meta name=\"twitter:card\" content=\"summary_large_image\" \/>\n<meta name=\"twitter:label1\" content=\"Est. reading time\" \/>\n\t<meta name=\"twitter:data1\" content=\"6 minutes\" \/>\n<script type=\"application\/ld+json\" class=\"yoast-schema-graph\">{\"@context\":\"https:\\\/\\\/schema.org\",\"@graph\":[{\"@type\":\"WebPage\",\"@id\":\"https:\\\/\\\/www.party-alleinunterhalter.com\\\/at\\\/firmenfeier-weihnachtsfeier\\\/\",\"url\":\"https:\\\/\\\/www.party-alleinunterhalter.com\\\/at\\\/firmenfeier-weihnachtsfeier\\\/\",\"name\":\"Alleinunterhalter f\u00fcr Firmenfeier in \u00d6sterreich - Sandro Hoffmann\",\"isPartOf\":{\"@id\":\"https:\\\/\\\/www.party-alleinunterhalter.com\\\/ch\\\/#website\"},\"primaryImageOfPage\":{\"@id\":\"https:\\\/\\\/www.party-alleinunterhalter.com\\\/at\\\/firmenfeier-weihnachtsfeier\\\/#primaryimage\"},\"image\":{\"@id\":\"https:\\\/\\\/www.party-alleinunterhalter.com\\\/at\\\/firmenfeier-weihnachtsfeier\\\/#primaryimage\"},\"thumbnailUrl\":\"https:\\\/\\\/www.party-alleinunterhalter.com\\\/wp-content\\\/uploads\\\/2014\\\/09\\\/firmenfeier-1.jpg\",\"datePublished\":\"2014-09-28T01:15:30+00:00\",\"dateModified\":\"2023-07-19T18:22:47+00:00\",\"description\":\"Buchen Sie den besten Profi Alleinunterhalter f\u00fcr Weihnachtsfeier, Firmenfeier in Vorarlberg, Tirol, Salzburg, Wien u. anderen \u00d6sterreichischen Bundesl\u00e4nder\",\"breadcrumb\":{\"@id\":\"https:\\\/\\\/www.party-alleinunterhalter.com\\\/at\\\/firmenfeier-weihnachtsfeier\\\/#breadcrumb\"},\"inLanguage\":\"de-AT\",\"potentialAction\":[{\"@type\":\"ReadAction\",\"target\":[\"https:\\\/\\\/www.party-alleinunterhalter.com\\\/at\\\/firmenfeier-weihnachtsfeier\\\/\"]}]},{\"@type\":\"ImageObject\",\"inLanguage\":\"de-AT\",\"@id\":\"https:\\\/\\\/www.party-alleinunterhalter.com\\\/at\\\/firmenfeier-weihnachtsfeier\\\/#primaryimage\",\"url\":\"https:\\\/\\\/www.party-alleinunterhalter.com\\\/wp-content\\\/uploads\\\/2014\\\/09\\\/firmenfeier-1.jpg\",\"contentUrl\":\"https:\\\/\\\/www.party-alleinunterhalter.com\\\/wp-content\\\/uploads\\\/2014\\\/09\\\/firmenfeier-1.jpg\",\"width\":730,\"height\":440,\"caption\":\"Musik f\u00fcr Betriebsfest, Jubil\u00e4um und andere Firmen Events\"},{\"@type\":\"BreadcrumbList\",\"@id\":\"https:\\\/\\\/www.party-alleinunterhalter.com\\\/at\\\/firmenfeier-weihnachtsfeier\\\/#breadcrumb\",\"itemListElement\":[{\"@type\":\"ListItem\",\"position\":1,\"name\":\"Startseite\",\"item\":\"https:\\\/\\\/www.party-alleinunterhalter.com\\\/at\\\/\"},{\"@type\":\"ListItem\",\"position\":2,\"name\":\"Alleinunterhalter f\u00fcr Firmenfeier in \u00d6sterreich\"}]},{\"@type\":\"WebSite\",\"@id\":\"https:\\\/\\\/www.party-alleinunterhalter.com\\\/ch\\\/#website\",\"url\":\"https:\\\/\\\/www.party-alleinunterhalter.com\\\/ch\\\/\",\"name\":\"Sandro Hoffmann\",\"description\":\"Alleinunterhalter f\u00fcr deine Feier\",\"potentialAction\":[{\"@type\":\"SearchAction\",\"target\":{\"@type\":\"EntryPoint\",\"urlTemplate\":\"https:\\\/\\\/www.party-alleinunterhalter.com\\\/ch\\\/?s={search_term_string}\"},\"query-input\":{\"@type\":\"PropertyValueSpecification\",\"valueRequired\":true,\"valueName\":\"search_term_string\"}}],\"inLanguage\":\"de-AT\"}]}<\/script>\n<!-- \/ Yoast SEO plugin. -->","yoast_head_json":{"title":"Alleinunterhalter f\u00fcr Firmenfeier in \u00d6sterreich - Sandro Hoffmann","description":"Buchen Sie den besten Profi Alleinunterhalter f\u00fcr Weihnachtsfeier, Firmenfeier in Vorarlberg, Tirol, Salzburg, Wien u. anderen \u00d6sterreichischen Bundesl\u00e4nder","robots":{"index":"index","follow":"follow","max-snippet":"max-snippet:-1","max-image-preview":"max-image-preview:large","max-video-preview":"max-video-preview:-1"},"canonical":"https:\/\/www.party-alleinunterhalter.com\/at\/firmenfeier-weihnachtsfeier\/","og_locale":"de_DE","og_type":"article","og_title":"Alleinunterhalter f\u00fcr Firmenfeier in \u00d6sterreich - Sandro Hoffmann","og_description":"Buchen Sie den besten Profi Alleinunterhalter f\u00fcr Weihnachtsfeier, Firmenfeier in Vorarlberg, Tirol, Salzburg, Wien u. anderen \u00d6sterreichischen Bundesl\u00e4nder","og_url":"https:\/\/www.party-alleinunterhalter.com\/at\/firmenfeier-weihnachtsfeier\/","og_site_name":"Sandro Hoffmann","article_publisher":"https:\/\/www.facebook.com\/SandroHoffmannOfficial","article_modified_time":"2023-07-19T18:22:47+00:00","og_image":[{"width":730,"height":440,"url":"https:\/\/www.party-alleinunterhalter.com\/wp-content\/uploads\/2014\/09\/firmenfeier-1.jpg","type":"image\/jpeg"}],"twitter_card":"summary_large_image","twitter_misc":{"Est. reading time":"6 minutes"},"schema":{"@context":"https:\/\/schema.org","@graph":[{"@type":"WebPage","@id":"https:\/\/www.party-alleinunterhalter.com\/at\/firmenfeier-weihnachtsfeier\/","url":"https:\/\/www.party-alleinunterhalter.com\/at\/firmenfeier-weihnachtsfeier\/","name":"Alleinunterhalter f\u00fcr Firmenfeier in \u00d6sterreich - Sandro Hoffmann","isPartOf":{"@id":"https:\/\/www.party-alleinunterhalter.com\/ch\/#website"},"primaryImageOfPage":{"@id":"https:\/\/www.party-alleinunterhalter.com\/at\/firmenfeier-weihnachtsfeier\/#primaryimage"},"image":{"@id":"https:\/\/www.party-alleinunterhalter.com\/at\/firmenfeier-weihnachtsfeier\/#primaryimage"},"thumbnailUrl":"https:\/\/www.party-alleinunterhalter.com\/wp-content\/uploads\/2014\/09\/firmenfeier-1.jpg","datePublished":"2014-09-28T01:15:30+00:00","dateModified":"2023-07-19T18:22:47+00:00","description":"Buchen Sie den besten Profi Alleinunterhalter f\u00fcr Weihnachtsfeier, Firmenfeier in Vorarlberg, Tirol, Salzburg, Wien u. anderen \u00d6sterreichischen Bundesl\u00e4nder","breadcrumb":{"@id":"https:\/\/www.party-alleinunterhalter.com\/at\/firmenfeier-weihnachtsfeier\/#breadcrumb"},"inLanguage":"de-AT","potentialAction":[{"@type":"ReadAction","target":["https:\/\/www.party-alleinunterhalter.com\/at\/firmenfeier-weihnachtsfeier\/"]}]},{"@type":"ImageObject","inLanguage":"de-AT","@id":"https:\/\/www.party-alleinunterhalter.com\/at\/firmenfeier-weihnachtsfeier\/#primaryimage","url":"https:\/\/www.party-alleinunterhalter.com\/wp-content\/uploads\/2014\/09\/firmenfeier-1.jpg","contentUrl":"https:\/\/www.party-alleinunterhalter.com\/wp-content\/uploads\/2014\/09\/firmenfeier-1.jpg","width":730,"height":440,"caption":"Musik f\u00fcr Betriebsfest, Jubil\u00e4um und andere Firmen Events"},{"@type":"BreadcrumbList","@id":"https:\/\/www.party-alleinunterhalter.com\/at\/firmenfeier-weihnachtsfeier\/#breadcrumb","itemListElement":[{"@type":"ListItem","position":1,"name":"Startseite","item":"https:\/\/www.party-alleinunterhalter.com\/at\/"},{"@type":"ListItem","position":2,"name":"Alleinunterhalter f\u00fcr Firmenfeier in \u00d6sterreich"}]},{"@type":"WebSite","@id":"https:\/\/www.party-alleinunterhalter.com\/ch\/#website","url":"https:\/\/www.party-alleinunterhalter.com\/ch\/","name":"Sandro Hoffmann","description":"Alleinunterhalter f\u00fcr deine Feier","potentialAction":[{"@type":"SearchAction","target":{"@type":"EntryPoint","urlTemplate":"https:\/\/www.party-alleinunterhalter.com\/ch\/?s={search_term_string}"},"query-input":{"@type":"PropertyValueSpecification","valueRequired":true,"valueName":"search_term_string"}}],"inLanguage":"de-AT"}]}},"_links":{"self":[{"href":"https:\/\/www.party-alleinunterhalter.com\/at\/wp-json\/wp\/v2\/pages\/11206","targetHints":{"allow":["GET"]}}],"collection":[{"href":"https:\/\/www.party-alleinunterhalter.com\/at\/wp-json\/wp\/v2\/pages"}],"about":[{"href":"https:\/\/www.party-alleinunterhalter.com\/at\/wp-json\/wp\/v2\/types\/page"}],"author":[{"embeddable":true,"href":"https:\/\/www.party-alleinunterhalter.com\/at\/wp-json\/wp\/v2\/users\/1"}],"replies":[{"embeddable":true,"href":"https:\/\/www.party-alleinunterhalter.com\/at\/wp-json\/wp\/v2\/comments?post=11206"}],"version-history":[{"count":4,"href":"https:\/\/www.party-alleinunterhalter.com\/at\/wp-json\/wp\/v2\/pages\/11206\/revisions"}],"predecessor-version":[{"id":14252,"href":"https:\/\/www.party-alleinunterhalter.com\/at\/wp-json\/wp\/v2\/pages\/11206\/revisions\/14252"}],"wp:featuredmedia":[{"embeddable":true,"href":"https:\/\/www.party-alleinunterhalter.com\/at\/wp-json\/wp\/v2\/media\/10011"}],"wp:attachment":[{"href":"https:\/\/www.party-alleinunterhalter.com\/at\/wp-json\/wp\/v2\/media?parent=11206"}],"curies":[{"name":"wp","href":"https:\/\/api.w.org\/{rel}","templated":true}]}}